{"id":657,"date":"2023-07-10T14:48:21","date_gmt":"2023-07-10T14:48:21","guid":{"rendered":"https:\/\/platforma.ascendo2001.ro\/?page_id=657"},"modified":"2024-04-14T16:39:04","modified_gmt":"2024-04-14T16:39:04","slug":"home","status":"publish","type":"page","link":"https:\/\/ascendo2001.ro\/en\/","title":{"rendered":"Home"},"content":{"rendered":"<section class=\"l-section wpb_row us_custom_b1c35092  hide_on_mobiles height_small\"><div class=\"l-section-h i-cf\"><div class=\"g-cols via_grid cols_1 laptops-cols_inherit tablets-cols_inherit mobiles-cols_1 valign_top type_default\"><div class=\"wpb_column vc_column_container\"><div class=\"vc_column-inner\"><div class=\"g-cols wpb_row us_custom_da5bbcfd via_grid cols_1 laptops-cols_inherit tablets-cols_inherit mobiles-cols_1 valign_top type_default\"><div class=\"wpb_column vc_column_container\"><div class=\"vc_column-inner\"><h1 class=\"w-text us_custom_b7c15e63\"><span class=\"w-text-h\"><span class=\"w-text-value\">Urmatorul pas al carierei tale \u00eencepe cu noi<\/span><\/span><\/h1><div class=\"wpb_text_column us_custom_b4198c51\"><div class=\"wpb_wrapper\"><p>Fie c\u0103 \u00ee\u021bi dore\u0219ti o schimbare de carier\u0103 sau s\u0103-\u021bi \u00eembun\u0103t\u0103\u021be\u0219ti competen\u021bele, suntem aici pentru tine. \u2028Echipa noastr\u0103 te va ghida pas cu pas, oferindu-\u021bi programe educa\u021bionale de \u00eenalt\u0103 calitate.<\/p>\n<\/div><\/div><div class=\"w-btn-wrapper align_none\"><a class=\"w-btn us-btn-style_2\" id=\"buton-hero\" href=\"https:\/\/ascendo2001.ro\/en\/cursuri\/\"><span class=\"w-btn-label\">G\u0102SE\u0218TE CURSUL PERFECT<\/span><\/a><\/div><\/div><\/div><\/div><\/div><\/div><\/div><\/div><\/section><section class=\"l-section wpb_row us_custom_bdaefb04  hide_on_default hide_on_laptops hide_on_tablets height_large\"><div class=\"l-section-h i-cf\"><div class=\"g-cols via_grid cols_1 laptops-cols_inherit tablets-cols_inherit mobiles-cols_1 valign_middle type_default\" style=\"grid-gap:0rem;\"><div class=\"wpb_column vc_column_container\"><div class=\"vc_column-inner\"><div class=\"g-cols wpb_row us_custom_c5787b44 via_grid cols_1 laptops-cols_inherit tablets-cols_inherit mobiles-cols_1 valign_top type_default\" style=\"grid-gap:0rem;\"><div class=\"wpb_column vc_column_container\"><div class=\"vc_column-inner\"><h2 class=\"w-text\"><span class=\"w-text-h\"><span class=\"w-text-value\">Urmatorul pas al carierei tale \u00eencepe cu noi<\/span><\/span><\/h2><\/div><\/div><\/div><\/div><\/div><\/div><\/div><\/section><section class=\"l-section wpb_row  hide_on_default hide_on_laptops hide_on_tablets height_small\"><div class=\"l-section-h i-cf\"><div class=\"g-cols via_grid cols_1 laptops-cols_inherit tablets-cols_inherit mobiles-cols_1 valign_top type_default\"><div class=\"wpb_column vc_column_container\"><div class=\"vc_column-inner\"><div class=\"wpb_text_column\"><div class=\"wpb_wrapper\"><p>Fie c\u0103 \u00ee\u021bi dore\u0219ti o schimbare de carier\u0103 sau s\u0103-\u021bi \u00eembun\u0103t\u0103\u021be\u0219ti competen\u021bele, suntem aici pentru tine. \u2028Echipa noastr\u0103 te va ghida pas cu pas, oferindu-\u021bi programe educa\u021bionale de \u00eenalt\u0103 calitate.<\/p>\n<\/div><\/div><div class=\"w-btn-wrapper align_none\"><a class=\"w-btn us-btn-style_2\" href=\"https:\/\/ascendo2001.ro\/en\/cursuri\/\"><span class=\"w-btn-label\">G\u0102SESTE CURSUL PERFECT<\/span><\/a><\/div><\/div><\/div><\/div><\/div><\/section><section class=\"l-section wpb_row us_custom_c70c97eb height_small\"><div class=\"l-section-h i-cf\"><div class=\"g-cols via_grid cols_1 laptops-cols_inherit tablets-cols_inherit mobiles-cols_1 valign_top type_default\"><div class=\"wpb_column vc_column_container\"><div class=\"vc_column-inner\"><section class=\"l-section wpb_row us_custom_9c8713ca height_small\"><div class=\"l-section-h i-cf\"><div class=\"g-cols via_grid cols_1 laptops-cols_inherit tablets-cols_inherit mobiles-cols_1 valign_top type_default\"><div class=\"wpb_column vc_column_container us_custom_9c8713ca\"><div class=\"vc_column-inner\"><h3 class=\"w-text\"><span class=\"w-text-h\"><span class=\"w-text-value\">Cursuri prin programul &#8222;Prima Didactic\u0103&#8221;<\/span><\/span><\/h3><p class=\"w-text\"><span class=\"w-text-h\"><span class=\"w-text-value\">Ofer\u0103 sprijin concret \u00een evolu\u021bia carierei, program concentrat, accesibile online \u0219i posibilitate de echivalare cu credite profesionale.<\/span><\/span><\/p><div class=\"w-grid type_carousel layout_1426 cols_4 overflow_hidden\" id=\"us_grid_1\"><style>#us_grid_1 .w-grid-item{padding:1.5rem}#us_grid_1 .w-grid-list{margin:-1.5rem}.w-grid + #us_grid_1 .w-grid-list{margin-top:1.5rem}.layout_1426 .w-grid-item-h{background:var(--color-content-bg);color:var(--color-content-text);border-radius:0.5rem;z-index:3;box-shadow:0 0.03rem 0.06rem rgba(0,0,0,0.1),0 0.10rem 0.30rem rgba(0,0,0,0.1);transition-duration:0.3s}.no-touch .layout_1426 .w-grid-item-h:hover{box-shadow:0 0.10rem 0.20rem rgba(0,0,0,0.1),0 0.33rem 1.00rem rgba(0,0,0,0.15);z-index:4}.layout_1426 .usg_post_title_1{color:var(--color-alt-content-link)!important}.layout_1426 .usg_post_content_1{color:var(--color-alt-content-link)!important;font-size:14px!important;line-height:18px!important}.layout_1426 .usg_vwrapper_2{margin:1rem!important}.layout_1426 .usg_post_taxonomy_2{font-weight:600!important;font-size:0.75rem!important;margin-top:auto!important;background:var(--color-content-faded)!important;padding:0.5rem 1rem 0.5rem 1rem!important}<\/style><div class=\"w-grid-list owl-carousel navstyle_circle navpos_outside with_dots\">\t<article class=\"w-grid-item post-1337 us_portfolio type-us_portfolio status-publish has-post-thumbnail hentry us_portfolio_category-dezvoltare us_portfolio_tag-online us_portfolio_tag-prima-didactica\" data-id=\"1337\">\r\n\t\t<div class=\"w-grid-item-h\">\r\n\t\t\t\t\t\t<div class=\"w-vwrapper usg_vwrapper_1 align_none valign_top\"><div class=\"w-post-elm post_image usg_post_image_1 has_ratio\"><div style=\"padding-bottom:56.2500%\"><\/div><a href=\"https:\/\/ascendo2001.ro\/en\/cursuri\/manager-proiect\/\" aria-label=\"Manager Proiect\"><img width=\"1024\" height=\"682\" src=\"https:\/\/ascendo2001.ro\/wp-content\/uploads\/2023\/09\/manager-proiect-1024x682.jpeg\" class=\"attachment-large size-large wp-post-image\" alt=\"Manager proiect\" decoding=\"async\" loading=\"lazy\" srcset=\"https:\/\/ascendo2001.ro\/wp-content\/uploads\/2023\/09\/manager-proiect-1024x682.jpeg 1024w, https:\/\/ascendo2001.ro\/wp-content\/uploads\/2023\/09\/manager-proiect-300x200.jpeg 300w, https:\/\/ascendo2001.ro\/wp-content\/uploads\/2023\/09\/manager-proiect-75x50.jpeg 75w, https:\/\/ascendo2001.ro\/wp-content\/uploads\/2023\/09\/manager-proiect.jpeg 1600w\" sizes=\"(max-width: 1024px) 100vw, 1024px\" \/><\/a><\/div><div class=\"w-vwrapper usg_vwrapper_2 align_none valign_top\"><h5 class=\"w-post-elm post_title usg_post_title_1 entry-title color_link_inherit has_text_color\"><a href=\"https:\/\/ascendo2001.ro\/en\/cursuri\/manager-proiect\/\">Manager Proiect<\/a><\/h5><div class=\"w-post-elm post_content usg_post_content_1\">Dac\u0103 sunte\u021bi pasionat de organizare, planificare \u0219i implementarea cu succes a proiectelor, v\u0103 invit\u0103m s\u0103 v\u0103 \u00eenscrie\u021bi la cursul nostru de Manager de Proiect.<\/div><\/div><div class=\"w-post-elm post_taxonomy usg_post_taxonomy_2 style_simple color_link_inherit\"><a href=\"https:\/\/ascendo2001.ro\/en\/cursuri\/manager-proiect\/\">Disponibil \u0219i online<\/a> \u2022 <a href=\"https:\/\/ascendo2001.ro\/en\/cursuri\/manager-proiect\/\">Prima didactic\u0103<\/a><\/div><\/div>\t\t<\/div>\r\n\t<\/article>\r\n\t<article class=\"w-grid-item post-1283 us_portfolio type-us_portfolio status-publish has-post-thumbnail hentry us_portfolio_category-servicii us_portfolio_tag-online us_portfolio_tag-incepe-in-curand us_portfolio_tag-prima-didactica\" data-id=\"1283\">\r\n\t\t<div class=\"w-grid-item-h\">\r\n\t\t\t\t\t\t<div class=\"w-vwrapper usg_vwrapper_1 align_none valign_top\"><div class=\"w-post-elm post_image usg_post_image_1 has_ratio\"><div style=\"padding-bottom:56.2500%\"><\/div><a href=\"https:\/\/ascendo2001.ro\/en\/cursuri\/formator\/\" aria-label=\"Formator\"><img width=\"1024\" height=\"683\" src=\"https:\/\/ascendo2001.ro\/wp-content\/uploads\/2023\/09\/formator-1024x683.jpg\" class=\"attachment-large size-large wp-post-image\" alt=\"Formator\" decoding=\"async\" loading=\"lazy\" srcset=\"https:\/\/ascendo2001.ro\/wp-content\/uploads\/2023\/09\/formator-1024x683.jpg 1024w, https:\/\/ascendo2001.ro\/wp-content\/uploads\/2023\/09\/formator-300x200.jpg 300w, https:\/\/ascendo2001.ro\/wp-content\/uploads\/2023\/09\/formator-75x50.jpg 75w\" sizes=\"(max-width: 1024px) 100vw, 1024px\" \/><\/a><\/div><div class=\"w-vwrapper usg_vwrapper_2 align_none valign_top\"><h5 class=\"w-post-elm post_title usg_post_title_1 entry-title color_link_inherit has_text_color\"><a href=\"https:\/\/ascendo2001.ro\/en\/cursuri\/formator\/\">Formator<\/a><\/h5><div class=\"w-post-elm post_content usg_post_content_1\">Dac\u0103 dori\u021bi s\u0103 face\u021bi pasul c\u0103tre o carier\u0103 solid\u0103 \u00een formare \u0219i dezvoltare profesional\u0103 \u0219i s\u0103 contribui\u021bi la cre\u0219terea competen\u021belor altora, v\u0103 invit\u0103m s\u0103 v\u0103 \u00eenscrie\u021bi la cursul nostru de&hellip;<\/div><\/div><div class=\"w-post-elm post_taxonomy usg_post_taxonomy_2 style_simple color_link_inherit\"><a href=\"https:\/\/ascendo2001.ro\/en\/cursuri\/formator\/\">Disponibil \u0219i online<\/a> \u2022 <a href=\"https:\/\/ascendo2001.ro\/en\/cursuri\/formator\/\">\u00cencepe \u00een cur\u00e2nd<\/a> \u2022 <a href=\"https:\/\/ascendo2001.ro\/en\/cursuri\/formator\/\">Prima didactic\u0103<\/a><\/div><\/div>\t\t<\/div>\r\n\t<\/article>\r\n<\/div><div class=\"g-preloader type_1\">\r\n\t<div><\/div>\r\n<\/div>\r\n\t<div class=\"w-grid-json hidden\" onclick='return {&quot;action&quot;:&quot;us_ajax_grid&quot;,&quot;ajax_url&quot;:&quot;https:\\\/\\\/ascendo2001.ro\\\/wp-admin\\\/admin-ajax.php&quot;,&quot;infinite_scroll&quot;:0,&quot;max_num_pages&quot;:1,&quot;pagination&quot;:&quot;none&quot;,&quot;permalink_url&quot;:&quot;https:\\\/\\\/ascendo2001.ro\\\/en\\\/wp-json\\\/wp\\\/v2\\\/pages\\\/657&quot;,&quot;template_vars&quot;:{&quot;columns&quot;:&quot;4&quot;,&quot;exclude_items&quot;:&quot;none&quot;,&quot;img_size&quot;:&quot;default&quot;,&quot;ignore_items_size&quot;:false,&quot;items_layout&quot;:&quot;1426&quot;,&quot;items_offset&quot;:&quot;1&quot;,&quot;load_animation&quot;:&quot;none&quot;,&quot;overriding_link&quot;:&quot;none&quot;,&quot;post_id&quot;:1788,&quot;query_args&quot;:{&quot;post_type&quot;:[&quot;us_portfolio&quot;],&quot;tax_query&quot;:[{&quot;taxonomy&quot;:&quot;us_portfolio_tag&quot;,&quot;field&quot;:&quot;slug&quot;,&quot;terms&quot;:[&quot;prima-didactica&quot;]}],&quot;post_status&quot;:[&quot;publish&quot;],&quot;posts_per_page&quot;:&quot;10&quot;},&quot;orderby_query_args&quot;:{&quot;orderby&quot;:{&quot;date&quot;:&quot;DESC&quot;}},&quot;type&quot;:&quot;carousel&quot;,&quot;us_grid_ajax_index&quot;:1,&quot;us_grid_filter_params&quot;:null,&quot;us_grid_index&quot;:1,&quot;_us_grid_post_type&quot;:&quot;us_portfolio&quot;},&quot;carousel_settings&quot;:{&quot;autoHeight&quot;:0,&quot;autoplay&quot;:0,&quot;carousel_fade&quot;:0,&quot;center&quot;:0,&quot;dots&quot;:1,&quot;items&quot;:&quot;4&quot;,&quot;loop&quot;:false,&quot;nav&quot;:0,&quot;slideby&quot;:&quot;1&quot;,&quot;smooth_play&quot;:0,&quot;speed&quot;:150,&quot;timeout&quot;:8000,&quot;transition&quot;:&quot;&quot;},&quot;carousel_breakpoints&quot;:{&quot;1200&quot;:{&quot;items&quot;:4},&quot;900&quot;:{&quot;autoHeight&quot;:0,&quot;autoplay&quot;:1,&quot;autoplayHoverPause&quot;:1,&quot;items&quot;:3,&quot;loop&quot;:false},&quot;600&quot;:{&quot;autoHeight&quot;:0,&quot;autoplay&quot;:1,&quot;autoplayHoverPause&quot;:1,&quot;items&quot;:2,&quot;loop&quot;:false},&quot;0&quot;:{&quot;autoHeight&quot;:0,&quot;autoplay&quot;:1,&quot;autoplayHoverPause&quot;:1,&quot;items&quot;:1,&quot;loop&quot;:true}}}'><\/div>\r\n\t<\/div><\/div><\/div><\/div><\/div><\/section>\n<\/div><\/div><\/div><\/div><\/section><section class=\"l-section wpb_row us_custom_c70c97eb height_small\"><div class=\"l-section-h i-cf\"><div class=\"g-cols via_grid cols_1 laptops-cols_inherit tablets-cols_inherit mobiles-cols_1 valign_top type_default\"><div class=\"wpb_column vc_column_container\"><div class=\"vc_column-inner\"><section class=\"l-section wpb_row us_custom_9c8713ca height_small\"><div class=\"l-section-h i-cf\"><div class=\"g-cols via_grid cols_1 laptops-cols_inherit tablets-cols_inherit mobiles-cols_1 valign_top type_default\"><div class=\"wpb_column vc_column_container us_custom_9c8713ca\"><div class=\"vc_column-inner\"><h3 class=\"w-text\"><span class=\"w-text-h\"><span class=\"w-text-value\">Cursuri care \u00eencep \u00een cur\u00e2nd<\/span><\/span><\/h3><div class=\"w-grid  hide_on_default hide_on_laptops hide_on_tablets hide_on_mobiles type_grid layout_1426 cols_4 overflow_hidden\" id=\"tag-curs-disponibil\"><style>#tag-curs-disponibil .w-grid-item{padding:1.5rem}#tag-curs-disponibil .w-grid-list{margin:-1.5rem}.w-grid + #tag-curs-disponibil .w-grid-list{margin-top:1.5rem}@media (max-width:1199px){#tag-curs-disponibil .w-grid-item{width:33.3333%}}@media (max-width:899px){#tag-curs-disponibil .w-grid-item{width:50.0000%}}@media (max-width:599px){#tag-curs-disponibil .w-grid-list{margin:0}#tag-curs-disponibil .w-grid-item{width:100.0000%;padding:0;margin-bottom:1.5rem}}<\/style><div class=\"w-grid-list\">\t<article class=\"w-grid-item size_1x1 post-2102 us_portfolio type-us_portfolio status-publish has-post-thumbnail hentry us_portfolio_category-dezvoltare us_portfolio_tag-incepe-in-curand\" data-id=\"2102\">\r\n\t\t<div class=\"w-grid-item-h\">\r\n\t\t\t\t\t\t<div class=\"w-vwrapper usg_vwrapper_1 align_none valign_top\"><div class=\"w-post-elm post_image usg_post_image_1 has_ratio\"><div style=\"padding-bottom:56.2500%\"><\/div><a href=\"https:\/\/ascendo2001.ro\/en\/cursuri\/consilier-orientare-privind-cariera\/\" aria-label=\"Consilier Orientare Privind Cariera\"><img width=\"612\" height=\"424\" src=\"https:\/\/ascendo2001.ro\/wp-content\/uploads\/2025\/07\/ascendo-consilier-cariera.webp\" class=\"attachment-large size-large wp-post-image\" alt=\"Ascendo consilier cariera\" decoding=\"async\" loading=\"lazy\" srcset=\"https:\/\/ascendo2001.ro\/wp-content\/uploads\/2025\/07\/ascendo-consilier-cariera.webp 612w, https:\/\/ascendo2001.ro\/wp-content\/uploads\/2025\/07\/ascendo-consilier-cariera-300x208.webp 300w, https:\/\/ascendo2001.ro\/wp-content\/uploads\/2025\/07\/ascendo-consilier-cariera-18x12.webp 18w, https:\/\/ascendo2001.ro\/wp-content\/uploads\/2025\/07\/ascendo-consilier-cariera-72x50.webp 72w\" sizes=\"(max-width: 612px) 100vw, 612px\" \/><\/a><\/div><div class=\"w-vwrapper usg_vwrapper_2 align_none valign_top\"><h5 class=\"w-post-elm post_title usg_post_title_1 entry-title color_link_inherit has_text_color\"><a href=\"https:\/\/ascendo2001.ro\/en\/cursuri\/consilier-orientare-privind-cariera\/\">Consilier Orientare Privind Cariera<\/a><\/h5><div class=\"w-post-elm post_content usg_post_content_1\">Vrei s\u0103 sprijini elevi, studen\u021bi sau adul\u021bi \u00een luarea deciziilor educa\u021bionale \u0219i profesionale? \u00censcrie-te la cursul de Consilier orientare privind cariera \u0219i ob\u021bine o specializare recunoscut\u0103, care \u00ee\u021bi ofer\u0103 instrumentele&hellip;<\/div><\/div><div class=\"w-post-elm post_taxonomy usg_post_taxonomy_2 style_simple color_link_inherit\"><a href=\"https:\/\/ascendo2001.ro\/en\/cursuri\/consilier-orientare-privind-cariera\/\">\u00cencepe \u00een cur\u00e2nd<\/a><\/div><\/div>\t\t<\/div>\r\n\t<\/article>\r\n\t<article class=\"w-grid-item size_1x1 post-2064 us_portfolio type-us_portfolio status-publish has-post-thumbnail hentry us_portfolio_category-infrumusetare us_portfolio_category-servicii us_portfolio_tag-incepe-in-curand\" data-id=\"2064\">\r\n\t\t<div class=\"w-grid-item-h\">\r\n\t\t\t\t\t\t<div class=\"w-vwrapper usg_vwrapper_1 align_none valign_top\"><div class=\"w-post-elm post_image usg_post_image_1 has_ratio\"><div style=\"padding-bottom:56.2500%\"><\/div><a href=\"https:\/\/ascendo2001.ro\/en\/cursuri\/iti-doresti-o-cariera-in-domeniul-frumusetii-inscrie-te-la-cursul-nostru-de-coafor-si-obtine-o-diploma-acreditata-anc-acest-curs-este-destinat-persoanelor-care-au-minimum-10-clase-absolvite-si-vor-s\/\" aria-label=\"Coafor\"><img width=\"720\" height=\"405\" src=\"https:\/\/ascendo2001.ro\/wp-content\/uploads\/2025\/07\/coafor-ascendo.webp\" class=\"attachment-large size-large wp-post-image\" alt=\"Coafor ascendo\" decoding=\"async\" loading=\"lazy\" srcset=\"https:\/\/ascendo2001.ro\/wp-content\/uploads\/2025\/07\/coafor-ascendo.webp 720w, https:\/\/ascendo2001.ro\/wp-content\/uploads\/2025\/07\/coafor-ascendo-300x169.webp 300w, https:\/\/ascendo2001.ro\/wp-content\/uploads\/2025\/07\/coafor-ascendo-18x10.webp 18w, https:\/\/ascendo2001.ro\/wp-content\/uploads\/2025\/07\/coafor-ascendo-89x50.webp 89w\" sizes=\"(max-width: 720px) 100vw, 720px\" \/><\/a><\/div><div class=\"w-vwrapper usg_vwrapper_2 align_none valign_top\"><h5 class=\"w-post-elm post_title usg_post_title_1 entry-title color_link_inherit has_text_color\"><a href=\"https:\/\/ascendo2001.ro\/en\/cursuri\/iti-doresti-o-cariera-in-domeniul-frumusetii-inscrie-te-la-cursul-nostru-de-coafor-si-obtine-o-diploma-acreditata-anc-acest-curs-este-destinat-persoanelor-care-au-minimum-10-clase-absolvite-si-vor-s\/\">Coafor<\/a><\/h5><div class=\"w-post-elm post_content usg_post_content_1\">Curs de calificare \u00een coafur\u0103 pentru persoane cu minimum 10 clase, cu diplom\u0103 recunoscut\u0103 ANC \u0219i formare practic\u0103 intensiv\u0103. Ideal pentru cei care vor o carier\u0103 \u00een \u00eenfrumuse\u021bare sau s\u0103-\u0219i&hellip;<\/div><\/div><div class=\"w-post-elm post_taxonomy usg_post_taxonomy_2 style_simple color_link_inherit\"><a href=\"https:\/\/ascendo2001.ro\/en\/cursuri\/iti-doresti-o-cariera-in-domeniul-frumusetii-inscrie-te-la-cursul-nostru-de-coafor-si-obtine-o-diploma-acreditata-anc-acest-curs-este-destinat-persoanelor-care-au-minimum-10-clase-absolvite-si-vor-s\/\">\u00cencepe \u00een cur\u00e2nd<\/a><\/div><\/div>\t\t<\/div>\r\n\t<\/article>\r\n\t<article class=\"w-grid-item size_1x1 post-1237 us_portfolio type-us_portfolio status-publish has-post-thumbnail hentry us_portfolio_category-dezvoltare us_portfolio_tag-online us_portfolio_tag-incepe-in-curand\" data-id=\"1237\">\r\n\t\t<div class=\"w-grid-item-h\">\r\n\t\t\t\t\t\t<div class=\"w-vwrapper usg_vwrapper_1 align_none valign_top\"><div class=\"w-post-elm post_image usg_post_image_1 has_ratio\"><div style=\"padding-bottom:56.2500%\"><\/div><a href=\"https:\/\/ascendo2001.ro\/en\/cursuri\/competente-antreprenoriale\/\" aria-label=\"Competen\u021be Antreprenoriale\"><img width=\"1024\" height=\"724\" src=\"https:\/\/ascendo2001.ro\/wp-content\/uploads\/2023\/09\/competente-antreprenoriale-1024x724.jpg\" class=\"attachment-large size-large wp-post-image\" alt=\"Competente antreprenoriale\" decoding=\"async\" loading=\"lazy\" srcset=\"https:\/\/ascendo2001.ro\/wp-content\/uploads\/2023\/09\/competente-antreprenoriale-1024x724.jpg 1024w, https:\/\/ascendo2001.ro\/wp-content\/uploads\/2023\/09\/competente-antreprenoriale-300x212.jpg 300w, https:\/\/ascendo2001.ro\/wp-content\/uploads\/2023\/09\/competente-antreprenoriale-71x50.jpg 71w, https:\/\/ascendo2001.ro\/wp-content\/uploads\/2023\/09\/competente-antreprenoriale.jpg 1280w\" sizes=\"(max-width: 1024px) 100vw, 1024px\" \/><\/a><\/div><div class=\"w-vwrapper usg_vwrapper_2 align_none valign_top\"><h5 class=\"w-post-elm post_title usg_post_title_1 entry-title color_link_inherit has_text_color\"><a href=\"https:\/\/ascendo2001.ro\/en\/cursuri\/competente-antreprenoriale\/\">Competen\u021be Antreprenoriale<\/a><\/h5><div class=\"w-post-elm post_content usg_post_content_1\">Dac\u0103 sunte\u021bi pasionat(\u0103) de antreprenoriat \u0219i dori\u021bi s\u0103 v\u0103 dezvolta\u021bi abilit\u0103\u021bile necesare pentru a reu\u0219i \u00een lumea afacerilor, v\u0103 \u00eencuraj\u0103m s\u0103 v\u0103 \u00eenscrie\u021bi la cursul nostru de Competen\u021be Antreprenoriale.<\/div><\/div><div class=\"w-post-elm post_taxonomy usg_post_taxonomy_2 style_simple color_link_inherit\"><a href=\"https:\/\/ascendo2001.ro\/en\/cursuri\/competente-antreprenoriale\/\">Disponibil \u0219i online<\/a> \u2022 <a href=\"https:\/\/ascendo2001.ro\/en\/cursuri\/competente-antreprenoriale\/\">\u00cencepe \u00een cur\u00e2nd<\/a><\/div><\/div>\t\t<\/div>\r\n\t<\/article>\r\n\t<article class=\"w-grid-item size_1x1 post-1380 us_portfolio type-us_portfolio status-publish has-post-thumbnail hentry us_portfolio_category-infrumusetare us_portfolio_tag-incepe-in-curand\" data-id=\"1380\">\r\n\t\t<div class=\"w-grid-item-h\">\r\n\t\t\t\t\t\t<div class=\"w-vwrapper usg_vwrapper_1 align_none valign_top\"><div class=\"w-post-elm post_image usg_post_image_1 has_ratio\"><div style=\"padding-bottom:56.2500%\"><\/div><a href=\"https:\/\/ascendo2001.ro\/en\/cursuri\/stilist-protezist-de-unghii\/\" aria-label=\"Stilist Protezist de Unghii\"><img width=\"1024\" height=\"683\" src=\"https:\/\/ascendo2001.ro\/wp-content\/uploads\/2023\/09\/stilist-protezist-unghii-1024x683.jpg\" class=\"attachment-large size-large wp-post-image\" alt=\"Stilist protezist unghii\" decoding=\"async\" loading=\"lazy\" srcset=\"https:\/\/ascendo2001.ro\/wp-content\/uploads\/2023\/09\/stilist-protezist-unghii-1024x683.jpg 1024w, https:\/\/ascendo2001.ro\/wp-content\/uploads\/2023\/09\/stilist-protezist-unghii-300x200.jpg 300w, https:\/\/ascendo2001.ro\/wp-content\/uploads\/2023\/09\/stilist-protezist-unghii-75x50.jpg 75w\" sizes=\"(max-width: 1024px) 100vw, 1024px\" \/><\/a><\/div><div class=\"w-vwrapper usg_vwrapper_2 align_none valign_top\"><h5 class=\"w-post-elm post_title usg_post_title_1 entry-title color_link_inherit has_text_color\"><a href=\"https:\/\/ascendo2001.ro\/en\/cursuri\/stilist-protezist-de-unghii\/\">Stilist Protezist de Unghii<\/a><\/h5><div class=\"w-post-elm post_content usg_post_content_1\">Dac\u0103 sunte\u021bi dornici s\u0103 v\u0103 specializa\u021bi \u00een arta stiliz\u0103rii unghiilor \u0219i s\u0103 deveni\u021bi un maestru \u00een crearea unghiilor frumoase \u0219i unice, v\u0103 invit\u0103m s\u0103 v\u0103 \u00eenscrie\u021bi la cursul nostru de&hellip;<\/div><\/div><div class=\"w-post-elm post_taxonomy usg_post_taxonomy_2 style_simple color_link_inherit\"><a href=\"https:\/\/ascendo2001.ro\/en\/cursuri\/stilist-protezist-de-unghii\/\">\u00cencepe \u00een cur\u00e2nd<\/a><\/div><\/div>\t\t<\/div>\r\n\t<\/article>\r\n\t<article class=\"w-grid-item size_1x1 post-1343 us_portfolio type-us_portfolio status-publish has-post-thumbnail hentry us_portfolio_tag-incepe-in-curand\" data-id=\"1343\">\r\n\t\t<div class=\"w-grid-item-h\">\r\n\t\t\t\t\t\t<div class=\"w-vwrapper usg_vwrapper_1 align_none valign_top\"><div class=\"w-post-elm post_image usg_post_image_1 has_ratio\"><div style=\"padding-bottom:56.2500%\"><\/div><a href=\"https:\/\/ascendo2001.ro\/en\/cursuri\/manichiurist-pedichiurist\/\" aria-label=\"Manichiurist-Pedichiurist\"><img width=\"1024\" height=\"768\" src=\"https:\/\/ascendo2001.ro\/wp-content\/uploads\/2023\/09\/manichiurist.jpg\" class=\"attachment-large size-large wp-post-image\" alt=\"Manichiurist\" decoding=\"async\" loading=\"lazy\" srcset=\"https:\/\/ascendo2001.ro\/wp-content\/uploads\/2023\/09\/manichiurist.jpg 1024w, https:\/\/ascendo2001.ro\/wp-content\/uploads\/2023\/09\/manichiurist-300x225.jpg 300w, https:\/\/ascendo2001.ro\/wp-content\/uploads\/2023\/09\/manichiurist-67x50.jpg 67w\" sizes=\"(max-width: 1024px) 100vw, 1024px\" \/><\/a><\/div><div class=\"w-vwrapper usg_vwrapper_2 align_none valign_top\"><h5 class=\"w-post-elm post_title usg_post_title_1 entry-title color_link_inherit has_text_color\"><a href=\"https:\/\/ascendo2001.ro\/en\/cursuri\/manichiurist-pedichiurist\/\">Manichiurist-Pedichiurist<\/a><\/h5><div class=\"w-post-elm post_content usg_post_content_1\">Dac\u0103 sunte\u021bi pasiona\u021bi de frumuse\u021be \u0219i dori\u021bi s\u0103 v\u0103 dezvolta\u021bi cariera \u00een domeniul manichiurii \u0219i pedichiurii, v\u0103 invit\u0103m s\u0103 v\u0103 \u00eenscrie\u021bi la cursul nostru de Manichiurist-Pedichiurist.<\/div><\/div><div class=\"w-post-elm post_taxonomy usg_post_taxonomy_2 style_simple color_link_inherit\"><a href=\"https:\/\/ascendo2001.ro\/en\/cursuri\/manichiurist-pedichiurist\/\">\u00cencepe \u00een cur\u00e2nd<\/a><\/div><\/div>\t\t<\/div>\r\n\t<\/article>\r\n\t<article class=\"w-grid-item size_1x1 post-1322 us_portfolio type-us_portfolio status-publish has-post-thumbnail hentry us_portfolio_category-tehnic us_portfolio_tag-incepe-in-curand\" data-id=\"1322\">\r\n\t\t<div class=\"w-grid-item-h\">\r\n\t\t\t\t\t\t<div class=\"w-vwrapper usg_vwrapper_1 align_none valign_top\"><div class=\"w-post-elm post_image usg_post_image_1 has_ratio\"><div style=\"padding-bottom:56.2500%\"><\/div><a href=\"https:\/\/ascendo2001.ro\/en\/cursuri\/instalator-pentru-sisteme-fotovoltaice-solare\/\" aria-label=\"Instalator Pentru Sisteme Fotovoltaice &#8211; Solare\"><img width=\"1024\" height=\"576\" src=\"https:\/\/ascendo2001.ro\/wp-content\/uploads\/2023\/09\/Instalator-pentru-sisteme-fotovoltaice-1024x576.jpg\" class=\"attachment-large size-large wp-post-image\" alt=\"Instalator pentru sisteme fotovoltaice\" decoding=\"async\" loading=\"lazy\" srcset=\"https:\/\/ascendo2001.ro\/wp-content\/uploads\/2023\/09\/Instalator-pentru-sisteme-fotovoltaice-1024x576.jpg 1024w, https:\/\/ascendo2001.ro\/wp-content\/uploads\/2023\/09\/Instalator-pentru-sisteme-fotovoltaice-300x169.jpg 300w, https:\/\/ascendo2001.ro\/wp-content\/uploads\/2023\/09\/Instalator-pentru-sisteme-fotovoltaice-89x50.jpg 89w, https:\/\/ascendo2001.ro\/wp-content\/uploads\/2023\/09\/Instalator-pentru-sisteme-fotovoltaice.jpg 1920w\" sizes=\"(max-width: 1024px) 100vw, 1024px\" \/><\/a><\/div><div class=\"w-vwrapper usg_vwrapper_2 align_none valign_top\"><h5 class=\"w-post-elm post_title usg_post_title_1 entry-title color_link_inherit has_text_color\"><a href=\"https:\/\/ascendo2001.ro\/en\/cursuri\/instalator-pentru-sisteme-fotovoltaice-solare\/\">Instalator Pentru Sisteme Fotovoltaice &#8211; Solare<\/a><\/h5><div class=\"w-post-elm post_content usg_post_content_1\">Dac\u0103 dori\u021bi s\u0103 face\u021bi parte din industria energiei solare \u00een cre\u0219tere \u0219i s\u0103 contribui\u021bi la trecerea c\u0103tre surse de energie mai ecologice, v\u0103 invit\u0103m s\u0103 v\u0103 \u00eenscrie\u021bi la cursul nostru&hellip;<\/div><\/div><div class=\"w-post-elm post_taxonomy usg_post_taxonomy_2 style_simple color_link_inherit\"><a href=\"https:\/\/ascendo2001.ro\/en\/cursuri\/instalator-pentru-sisteme-fotovoltaice-solare\/\">\u00cencepe \u00een cur\u00e2nd<\/a><\/div><\/div>\t\t<\/div>\r\n\t<\/article>\r\n\t<article class=\"w-grid-item size_1x1 post-1312 us_portfolio type-us_portfolio status-publish has-post-thumbnail hentry us_portfolio_category-servicii us_portfolio_tag-online us_portfolio_tag-incepe-in-curand\" data-id=\"1312\">\r\n\t\t<div class=\"w-grid-item-h\">\r\n\t\t\t\t\t\t<div class=\"w-vwrapper usg_vwrapper_1 align_none valign_top\"><div class=\"w-post-elm post_image usg_post_image_1 has_ratio\"><div style=\"padding-bottom:56.2500%\"><\/div><a href=\"https:\/\/ascendo2001.ro\/en\/cursuri\/inspector-in-domeniul-securitatii-si-sanatatii-in-munca\/\" aria-label=\"Inspector \u00een Domeniul Securita\u021bii \u0219i Sanata\u021bii \u00een Munc\u0103\"><img width=\"1000\" height=\"667\" src=\"https:\/\/ascendo2001.ro\/wp-content\/uploads\/2023\/09\/Inspector-in-domeniul-securitatii-si-sanatatii.jpg\" class=\"attachment-large size-large wp-post-image\" alt=\"Incident management, root cause analysis or solving problem, identify risk or critical failure concept, businessman with magnifier monitor and investigate incident with exclamation attention sign.\" decoding=\"async\" loading=\"lazy\" srcset=\"https:\/\/ascendo2001.ro\/wp-content\/uploads\/2023\/09\/Inspector-in-domeniul-securitatii-si-sanatatii.jpg 1000w, https:\/\/ascendo2001.ro\/wp-content\/uploads\/2023\/09\/Inspector-in-domeniul-securitatii-si-sanatatii-300x200.jpg 300w, https:\/\/ascendo2001.ro\/wp-content\/uploads\/2023\/09\/Inspector-in-domeniul-securitatii-si-sanatatii-75x50.jpg 75w\" sizes=\"(max-width: 1000px) 100vw, 1000px\" \/><\/a><\/div><div class=\"w-vwrapper usg_vwrapper_2 align_none valign_top\"><h5 class=\"w-post-elm post_title usg_post_title_1 entry-title color_link_inherit has_text_color\"><a href=\"https:\/\/ascendo2001.ro\/en\/cursuri\/inspector-in-domeniul-securitatii-si-sanatatii-in-munca\/\">Inspector \u00een Domeniul Securita\u021bii \u0219i Sanata\u021bii \u00een Munc\u0103<\/a><\/h5><div class=\"w-post-elm post_content usg_post_content_1\">Dac\u0103 dori\u021bi s\u0103 face\u021bi parte din eforturile de a crea medii de munc\u0103 sigure \u0219i s\u0103n\u0103toase \u0219i s\u0103 juca\u021bi un rol vital \u00een securitatea angaja\u021bilor, v\u0103 invit\u0103m s\u0103 v\u0103 \u00eenscrie\u021bi&hellip;<\/div><\/div><div class=\"w-post-elm post_taxonomy usg_post_taxonomy_2 style_simple color_link_inherit\"><a href=\"https:\/\/ascendo2001.ro\/en\/cursuri\/inspector-in-domeniul-securitatii-si-sanatatii-in-munca\/\">Disponibil \u0219i online<\/a> \u2022 <a href=\"https:\/\/ascendo2001.ro\/en\/cursuri\/inspector-in-domeniul-securitatii-si-sanatatii-in-munca\/\">\u00cencepe \u00een cur\u00e2nd<\/a><\/div><\/div>\t\t<\/div>\r\n\t<\/article>\r\n\t<article class=\"w-grid-item size_1x1 post-1301 us_portfolio type-us_portfolio status-publish has-post-thumbnail hentry us_portfolio_tag-incepe-in-curand\" data-id=\"1301\">\r\n\t\t<div class=\"w-grid-item-h\">\r\n\t\t\t\t\t\t<div class=\"w-vwrapper usg_vwrapper_1 align_none valign_top\"><div class=\"w-post-elm post_image usg_post_image_1 has_ratio\"><div style=\"padding-bottom:56.2500%\"><\/div><a href=\"https:\/\/ascendo2001.ro\/en\/cursuri\/frizer-coafor-manechiurist-pedichiurist\/\" aria-label=\"Frizer, Coafor, Manichiurist, Pedichiurist\"><img width=\"683\" height=\"1024\" src=\"https:\/\/ascendo2001.ro\/wp-content\/uploads\/2023\/09\/Frizer-coaform-manichiurist-pedichiurist-683x1024.jpg\" class=\"attachment-large size-large wp-post-image\" alt=\"Frizer, coaform, manichiurist, pedichiurist\" decoding=\"async\" loading=\"lazy\" srcset=\"https:\/\/ascendo2001.ro\/wp-content\/uploads\/2023\/09\/Frizer-coaform-manichiurist-pedichiurist-683x1024.jpg 683w, https:\/\/ascendo2001.ro\/wp-content\/uploads\/2023\/09\/Frizer-coaform-manichiurist-pedichiurist-200x300.jpg 200w, https:\/\/ascendo2001.ro\/wp-content\/uploads\/2023\/09\/Frizer-coaform-manichiurist-pedichiurist-33x50.jpg 33w, https:\/\/ascendo2001.ro\/wp-content\/uploads\/2023\/09\/Frizer-coaform-manichiurist-pedichiurist.jpg 1174w\" sizes=\"(max-width: 683px) 100vw, 683px\" \/><\/a><\/div><div class=\"w-vwrapper usg_vwrapper_2 align_none valign_top\"><h5 class=\"w-post-elm post_title usg_post_title_1 entry-title color_link_inherit has_text_color\"><a href=\"https:\/\/ascendo2001.ro\/en\/cursuri\/frizer-coafor-manechiurist-pedichiurist\/\">Frizer, Coafor, Manichiurist, Pedichiurist<\/a><\/h5><div class=\"w-post-elm post_content usg_post_content_1\">Dac\u0103 dori\u021bi s\u0103 v\u0103 construi\u021bi o carier\u0103 \u00een industria frumuse\u021bii sau s\u0103 dezvolta\u021bi abilit\u0103\u021bi profesionale \u00een tuns, coafat, manichiur\u0103 \u0219i pedichiur\u0103, v\u0103 invit\u0103m s\u0103 v\u0103 \u00eenscrie\u021bi la cursul nostru de&hellip;<\/div><\/div><div class=\"w-post-elm post_taxonomy usg_post_taxonomy_2 style_simple color_link_inherit\"><a href=\"https:\/\/ascendo2001.ro\/en\/cursuri\/frizer-coafor-manechiurist-pedichiurist\/\">\u00cencepe \u00een cur\u00e2nd<\/a><\/div><\/div>\t\t<\/div>\r\n\t<\/article>\r\n\t<article class=\"w-grid-item size_1x1 post-1293 us_portfolio type-us_portfolio status-publish has-post-thumbnail hentry us_portfolio_category-infrumusetare us_portfolio_tag-incepe-in-curand\" data-id=\"1293\">\r\n\t\t<div class=\"w-grid-item-h\">\r\n\t\t\t\t\t\t<div class=\"w-vwrapper usg_vwrapper_1 align_none valign_top\"><div class=\"w-post-elm post_image usg_post_image_1 has_ratio\"><div style=\"padding-bottom:56.2500%\"><\/div><a href=\"https:\/\/ascendo2001.ro\/en\/cursuri\/frizer\/\" aria-label=\"Frizer\"><img width=\"1024\" height=\"683\" src=\"https:\/\/ascendo2001.ro\/wp-content\/uploads\/2023\/09\/Frizer-1024x683.jpg\" class=\"attachment-large size-large wp-post-image\" alt=\"Frizer\" decoding=\"async\" loading=\"lazy\" srcset=\"https:\/\/ascendo2001.ro\/wp-content\/uploads\/2023\/09\/Frizer-1024x683.jpg 1024w, https:\/\/ascendo2001.ro\/wp-content\/uploads\/2023\/09\/Frizer-300x200.jpg 300w, https:\/\/ascendo2001.ro\/wp-content\/uploads\/2023\/09\/Frizer-75x50.jpg 75w\" sizes=\"(max-width: 1024px) 100vw, 1024px\" \/><\/a><\/div><div class=\"w-vwrapper usg_vwrapper_2 align_none valign_top\"><h5 class=\"w-post-elm post_title usg_post_title_1 entry-title color_link_inherit has_text_color\"><a href=\"https:\/\/ascendo2001.ro\/en\/cursuri\/frizer\/\">Frizer<\/a><\/h5><div class=\"w-post-elm post_content usg_post_content_1\">Dac\u0103 dori\u021bi s\u0103 face\u021bi primii pa\u0219i \u00eentr-o carier\u0103 \u00een domeniul frizeriei \u0219i s\u0103 v\u0103 exprima\u021bi creativitatea prin transformarea p\u0103rului \u00een opere de art\u0103, v\u0103 invit\u0103m s\u0103 v\u0103 \u00eenscrie\u021bi la cursul&hellip;<\/div><\/div><div class=\"w-post-elm post_taxonomy usg_post_taxonomy_2 style_simple color_link_inherit\"><a href=\"https:\/\/ascendo2001.ro\/en\/cursuri\/frizer\/\">\u00cencepe \u00een cur\u00e2nd<\/a><\/div><\/div>\t\t<\/div>\r\n\t<\/article>\r\n\t<article class=\"w-grid-item size_1x1 post-1283 us_portfolio type-us_portfolio status-publish has-post-thumbnail hentry us_portfolio_category-servicii us_portfolio_tag-online us_portfolio_tag-incepe-in-curand us_portfolio_tag-prima-didactica\" data-id=\"1283\">\r\n\t\t<div class=\"w-grid-item-h\">\r\n\t\t\t\t\t\t<div class=\"w-vwrapper usg_vwrapper_1 align_none valign_top\"><div class=\"w-post-elm post_image usg_post_image_1 has_ratio\"><div style=\"padding-bottom:56.2500%\"><\/div><a href=\"https:\/\/ascendo2001.ro\/en\/cursuri\/formator\/\" aria-label=\"Formator\"><img width=\"1024\" height=\"683\" src=\"https:\/\/ascendo2001.ro\/wp-content\/uploads\/2023\/09\/formator-1024x683.jpg\" class=\"attachment-large size-large wp-post-image\" alt=\"Formator\" decoding=\"async\" loading=\"lazy\" srcset=\"https:\/\/ascendo2001.ro\/wp-content\/uploads\/2023\/09\/formator-1024x683.jpg 1024w, https:\/\/ascendo2001.ro\/wp-content\/uploads\/2023\/09\/formator-300x200.jpg 300w, https:\/\/ascendo2001.ro\/wp-content\/uploads\/2023\/09\/formator-75x50.jpg 75w\" sizes=\"(max-width: 1024px) 100vw, 1024px\" \/><\/a><\/div><div class=\"w-vwrapper usg_vwrapper_2 align_none valign_top\"><h5 class=\"w-post-elm post_title usg_post_title_1 entry-title color_link_inherit has_text_color\"><a href=\"https:\/\/ascendo2001.ro\/en\/cursuri\/formator\/\">Formator<\/a><\/h5><div class=\"w-post-elm post_content usg_post_content_1\">Dac\u0103 dori\u021bi s\u0103 face\u021bi pasul c\u0103tre o carier\u0103 solid\u0103 \u00een formare \u0219i dezvoltare profesional\u0103 \u0219i s\u0103 contribui\u021bi la cre\u0219terea competen\u021belor altora, v\u0103 invit\u0103m s\u0103 v\u0103 \u00eenscrie\u021bi la cursul nostru de&hellip;<\/div><\/div><div class=\"w-post-elm post_taxonomy usg_post_taxonomy_2 style_simple color_link_inherit\"><a href=\"https:\/\/ascendo2001.ro\/en\/cursuri\/formator\/\">Disponibil \u0219i online<\/a> \u2022 <a href=\"https:\/\/ascendo2001.ro\/en\/cursuri\/formator\/\">\u00cencepe \u00een cur\u00e2nd<\/a> \u2022 <a href=\"https:\/\/ascendo2001.ro\/en\/cursuri\/formator\/\">Prima didactic\u0103<\/a><\/div><\/div>\t\t<\/div>\r\n\t<\/article>\r\n\t<article class=\"w-grid-item size_1x1 post-1280 us_portfolio type-us_portfolio status-publish has-post-thumbnail hentry us_portfolio_category-tehnic us_portfolio_tag-incepe-in-curand\" data-id=\"1280\">\r\n\t\t<div class=\"w-grid-item-h\">\r\n\t\t\t\t\t\t<div class=\"w-vwrapper usg_vwrapper_1 align_none valign_top\"><div class=\"w-post-elm post_image usg_post_image_1 has_ratio\"><div style=\"padding-bottom:56.2500%\"><\/div><a href=\"https:\/\/ascendo2001.ro\/en\/cursuri\/electrician-constructor\/\" aria-label=\"Electrician Constructor\"><img width=\"684\" height=\"1024\" src=\"https:\/\/ascendo2001.ro\/wp-content\/uploads\/2023\/09\/electrician-684x1024.jpeg\" class=\"attachment-large size-large wp-post-image\" alt=\"Electrician\" decoding=\"async\" loading=\"lazy\" srcset=\"https:\/\/ascendo2001.ro\/wp-content\/uploads\/2023\/09\/electrician-684x1024.jpeg 684w, https:\/\/ascendo2001.ro\/wp-content\/uploads\/2023\/09\/electrician-200x300.jpeg 200w, https:\/\/ascendo2001.ro\/wp-content\/uploads\/2023\/09\/electrician-33x50.jpeg 33w, https:\/\/ascendo2001.ro\/wp-content\/uploads\/2023\/09\/electrician.jpeg 1068w\" sizes=\"(max-width: 684px) 100vw, 684px\" \/><\/a><\/div><div class=\"w-vwrapper usg_vwrapper_2 align_none valign_top\"><h5 class=\"w-post-elm post_title usg_post_title_1 entry-title color_link_inherit has_text_color\"><a href=\"https:\/\/ascendo2001.ro\/en\/cursuri\/electrician-constructor\/\">Electrician Constructor<\/a><\/h5><div class=\"w-post-elm post_content usg_post_content_1\">Dac\u0103 sunte\u021bi dornic s\u0103 v\u0103 dezvolta\u021bi o carier\u0103 \u00een domeniul electricit\u0103\u021bii \u0219i s\u0103 contribui\u021bi la crearea \u0219i men\u021binerea instala\u021biilor electrice sigure \u0219i eficiente, v\u0103 invit\u0103m s\u0103 v\u0103 \u00eenscrie\u021bi la cursul&hellip;<\/div><\/div><div class=\"w-post-elm post_taxonomy usg_post_taxonomy_2 style_simple color_link_inherit\"><a href=\"https:\/\/ascendo2001.ro\/en\/cursuri\/electrician-constructor\/\">\u00cencepe \u00een cur\u00e2nd<\/a><\/div><\/div>\t\t<\/div>\r\n\t<\/article>\r\n\t<article class=\"w-grid-item size_1x1 post-1249 us_portfolio type-us_portfolio status-publish has-post-thumbnail hentry us_portfolio_category-tehnic us_portfolio_tag-online us_portfolio_tag-incepe-in-curand\" data-id=\"1249\">\r\n\t\t<div class=\"w-grid-item-h\">\r\n\t\t\t\t\t\t<div class=\"w-vwrapper usg_vwrapper_1 align_none valign_top\"><div class=\"w-post-elm post_image usg_post_image_1 has_ratio\"><div style=\"padding-bottom:56.2500%\"><\/div><a href=\"https:\/\/ascendo2001.ro\/en\/cursuri\/competene-digitale-de-utilizare-a-tehnologiei-informatiei-ca-instrument-de-invatare-si-cunoastere\/\" aria-label=\"Competene Digitale de Utilizare a Tehnologiei Informa\u021biei ca Instrument de \u00cenva\u021bare \u0219i Cunoastere\"><img width=\"1024\" height=\"683\" src=\"https:\/\/ascendo2001.ro\/wp-content\/uploads\/2023\/09\/Compente-digitale-de-utilizare-a-tehnologiei-1024x683.jpg\" class=\"attachment-large size-large wp-post-image\" alt=\"Compente digitale de utilizare a tehnologiei\" decoding=\"async\" loading=\"lazy\" srcset=\"https:\/\/ascendo2001.ro\/wp-content\/uploads\/2023\/09\/Compente-digitale-de-utilizare-a-tehnologiei-1024x683.jpg 1024w, https:\/\/ascendo2001.ro\/wp-content\/uploads\/2023\/09\/Compente-digitale-de-utilizare-a-tehnologiei-300x200.jpg 300w, https:\/\/ascendo2001.ro\/wp-content\/uploads\/2023\/09\/Compente-digitale-de-utilizare-a-tehnologiei-75x50.jpg 75w\" sizes=\"(max-width: 1024px) 100vw, 1024px\" \/><\/a><\/div><div class=\"w-vwrapper usg_vwrapper_2 align_none valign_top\"><h5 class=\"w-post-elm post_title usg_post_title_1 entry-title color_link_inherit has_text_color\"><a href=\"https:\/\/ascendo2001.ro\/en\/cursuri\/competene-digitale-de-utilizare-a-tehnologiei-informatiei-ca-instrument-de-invatare-si-cunoastere\/\">Competene Digitale de Utilizare a Tehnologiei Informa\u021biei ca Instrument de \u00cenva\u021bare \u0219i Cunoastere<\/a><\/h5><div class=\"w-post-elm post_content usg_post_content_1\">Dac\u0103 dori\u021bi s\u0103 v\u0103 preg\u0103ti\u021bi pentru viitor \u0219i s\u0103 deveni\u021bi proficient \u00een utilizarea tehnologiei informa\u021biei \u00een scopuri de \u00eenv\u0103\u021bare \u0219i dezvoltare personal\u0103, v\u0103 \u00eencuraj\u0103m s\u0103 v\u0103 \u00eenscrie\u021bi la cursul nostru&hellip;<\/div><\/div><div class=\"w-post-elm post_taxonomy usg_post_taxonomy_2 style_simple color_link_inherit\"><a href=\"https:\/\/ascendo2001.ro\/en\/cursuri\/competene-digitale-de-utilizare-a-tehnologiei-informatiei-ca-instrument-de-invatare-si-cunoastere\/\">Disponibil \u0219i online<\/a> \u2022 <a href=\"https:\/\/ascendo2001.ro\/en\/cursuri\/competene-digitale-de-utilizare-a-tehnologiei-informatiei-ca-instrument-de-invatare-si-cunoastere\/\">\u00cencepe \u00een cur\u00e2nd<\/a><\/div><\/div>\t\t<\/div>\r\n\t<\/article>\r\n<\/div><div class=\"w-grid-preloader\"><div class=\"g-preloader type_1\">\r\n\t<div><\/div>\r\n<\/div>\r\n<\/div>\t<div class=\"w-grid-json hidden\" onclick='return {&quot;action&quot;:&quot;us_ajax_grid&quot;,&quot;ajax_url&quot;:&quot;https:\\\/\\\/ascendo2001.ro\\\/wp-admin\\\/admin-ajax.php&quot;,&quot;infinite_scroll&quot;:0,&quot;max_num_pages&quot;:2,&quot;pagination&quot;:&quot;none&quot;,&quot;permalink_url&quot;:&quot;https:\\\/\\\/ascendo2001.ro\\\/en\\\/wp-json\\\/wp\\\/v2\\\/pages\\\/657&quot;,&quot;template_vars&quot;:{&quot;columns&quot;:&quot;4&quot;,&quot;exclude_items&quot;:&quot;none&quot;,&quot;img_size&quot;:&quot;default&quot;,&quot;ignore_items_size&quot;:false,&quot;items_layout&quot;:&quot;1426&quot;,&quot;items_offset&quot;:&quot;1&quot;,&quot;load_animation&quot;:&quot;none&quot;,&quot;overriding_link&quot;:&quot;none&quot;,&quot;post_id&quot;:919,&quot;query_args&quot;:{&quot;post_type&quot;:[&quot;us_portfolio&quot;],&quot;tax_query&quot;:[{&quot;taxonomy&quot;:&quot;us_portfolio_tag&quot;,&quot;field&quot;:&quot;slug&quot;,&quot;terms&quot;:[&quot;incepe-in-curand&quot;]}],&quot;post_status&quot;:[&quot;publish&quot;],&quot;posts_per_page&quot;:&quot;12&quot;},&quot;orderby_query_args&quot;:{&quot;orderby&quot;:{&quot;date&quot;:&quot;DESC&quot;}},&quot;type&quot;:&quot;grid&quot;,&quot;us_grid_ajax_index&quot;:1,&quot;us_grid_filter_params&quot;:null,&quot;us_grid_index&quot;:2,&quot;_us_grid_post_type&quot;:&quot;us_portfolio&quot;}}'><\/div>\r\n\t<\/div><div class=\"w-grid type_carousel layout_1426 cols_4 overflow_hidden\" id=\"us_grid_3\"><style>#us_grid_3 .w-grid-item{padding:1.5rem}#us_grid_3 .w-grid-list{margin:-1.5rem}.w-grid + #us_grid_3 .w-grid-list{margin-top:1.5rem}<\/style><div class=\"w-grid-list owl-carousel navstyle_circle navpos_outside with_dots\">\t<article class=\"w-grid-item post-2102 us_portfolio type-us_portfolio status-publish has-post-thumbnail hentry us_portfolio_category-dezvoltare us_portfolio_tag-incepe-in-curand\" data-id=\"2102\">\r\n\t\t<div class=\"w-grid-item-h\">\r\n\t\t\t\t\t\t<div class=\"w-vwrapper usg_vwrapper_1 align_none valign_top\"><div class=\"w-post-elm post_image usg_post_image_1 has_ratio\"><div style=\"padding-bottom:56.2500%\"><\/div><a href=\"https:\/\/ascendo2001.ro\/en\/cursuri\/consilier-orientare-privind-cariera\/\" aria-label=\"Consilier Orientare Privind Cariera\"><img width=\"612\" height=\"424\" src=\"https:\/\/ascendo2001.ro\/wp-content\/uploads\/2025\/07\/ascendo-consilier-cariera.webp\" class=\"attachment-large size-large wp-post-image\" alt=\"Ascendo consilier cariera\" decoding=\"async\" loading=\"lazy\" srcset=\"https:\/\/ascendo2001.ro\/wp-content\/uploads\/2025\/07\/ascendo-consilier-cariera.webp 612w, https:\/\/ascendo2001.ro\/wp-content\/uploads\/2025\/07\/ascendo-consilier-cariera-300x208.webp 300w, https:\/\/ascendo2001.ro\/wp-content\/uploads\/2025\/07\/ascendo-consilier-cariera-18x12.webp 18w, https:\/\/ascendo2001.ro\/wp-content\/uploads\/2025\/07\/ascendo-consilier-cariera-72x50.webp 72w\" sizes=\"(max-width: 612px) 100vw, 612px\" \/><\/a><\/div><div class=\"w-vwrapper usg_vwrapper_2 align_none valign_top\"><h5 class=\"w-post-elm post_title usg_post_title_1 entry-title color_link_inherit has_text_color\"><a href=\"https:\/\/ascendo2001.ro\/en\/cursuri\/consilier-orientare-privind-cariera\/\">Consilier Orientare Privind Cariera<\/a><\/h5><div class=\"w-post-elm post_content usg_post_content_1\">Vrei s\u0103 sprijini elevi, studen\u021bi sau adul\u021bi \u00een luarea deciziilor educa\u021bionale \u0219i profesionale? \u00censcrie-te la cursul de Consilier orientare privind cariera \u0219i ob\u021bine o specializare recunoscut\u0103, care \u00ee\u021bi ofer\u0103 instrumentele&hellip;<\/div><\/div><div class=\"w-post-elm post_taxonomy usg_post_taxonomy_2 style_simple color_link_inherit\"><a href=\"https:\/\/ascendo2001.ro\/en\/cursuri\/consilier-orientare-privind-cariera\/\">\u00cencepe \u00een cur\u00e2nd<\/a><\/div><\/div>\t\t<\/div>\r\n\t<\/article>\r\n\t<article class=\"w-grid-item post-2064 us_portfolio type-us_portfolio status-publish has-post-thumbnail hentry us_portfolio_category-infrumusetare us_portfolio_category-servicii us_portfolio_tag-incepe-in-curand\" data-id=\"2064\">\r\n\t\t<div class=\"w-grid-item-h\">\r\n\t\t\t\t\t\t<div class=\"w-vwrapper usg_vwrapper_1 align_none valign_top\"><div class=\"w-post-elm post_image usg_post_image_1 has_ratio\"><div style=\"padding-bottom:56.2500%\"><\/div><a href=\"https:\/\/ascendo2001.ro\/en\/cursuri\/iti-doresti-o-cariera-in-domeniul-frumusetii-inscrie-te-la-cursul-nostru-de-coafor-si-obtine-o-diploma-acreditata-anc-acest-curs-este-destinat-persoanelor-care-au-minimum-10-clase-absolvite-si-vor-s\/\" aria-label=\"Coafor\"><img width=\"720\" height=\"405\" src=\"https:\/\/ascendo2001.ro\/wp-content\/uploads\/2025\/07\/coafor-ascendo.webp\" class=\"attachment-large size-large wp-post-image\" alt=\"Coafor ascendo\" decoding=\"async\" loading=\"lazy\" srcset=\"https:\/\/ascendo2001.ro\/wp-content\/uploads\/2025\/07\/coafor-ascendo.webp 720w, https:\/\/ascendo2001.ro\/wp-content\/uploads\/2025\/07\/coafor-ascendo-300x169.webp 300w, https:\/\/ascendo2001.ro\/wp-content\/uploads\/2025\/07\/coafor-ascendo-18x10.webp 18w, https:\/\/ascendo2001.ro\/wp-content\/uploads\/2025\/07\/coafor-ascendo-89x50.webp 89w\" sizes=\"(max-width: 720px) 100vw, 720px\" \/><\/a><\/div><div class=\"w-vwrapper usg_vwrapper_2 align_none valign_top\"><h5 class=\"w-post-elm post_title usg_post_title_1 entry-title color_link_inherit has_text_color\"><a href=\"https:\/\/ascendo2001.ro\/en\/cursuri\/iti-doresti-o-cariera-in-domeniul-frumusetii-inscrie-te-la-cursul-nostru-de-coafor-si-obtine-o-diploma-acreditata-anc-acest-curs-este-destinat-persoanelor-care-au-minimum-10-clase-absolvite-si-vor-s\/\">Coafor<\/a><\/h5><div class=\"w-post-elm post_content usg_post_content_1\">Curs de calificare \u00een coafur\u0103 pentru persoane cu minimum 10 clase, cu diplom\u0103 recunoscut\u0103 ANC \u0219i formare practic\u0103 intensiv\u0103. Ideal pentru cei care vor o carier\u0103 \u00een \u00eenfrumuse\u021bare sau s\u0103-\u0219i&hellip;<\/div><\/div><div class=\"w-post-elm post_taxonomy usg_post_taxonomy_2 style_simple color_link_inherit\"><a href=\"https:\/\/ascendo2001.ro\/en\/cursuri\/iti-doresti-o-cariera-in-domeniul-frumusetii-inscrie-te-la-cursul-nostru-de-coafor-si-obtine-o-diploma-acreditata-anc-acest-curs-este-destinat-persoanelor-care-au-minimum-10-clase-absolvite-si-vor-s\/\">\u00cencepe \u00een cur\u00e2nd<\/a><\/div><\/div>\t\t<\/div>\r\n\t<\/article>\r\n\t<article class=\"w-grid-item post-1237 us_portfolio type-us_portfolio status-publish has-post-thumbnail hentry us_portfolio_category-dezvoltare us_portfolio_tag-online us_portfolio_tag-incepe-in-curand\" data-id=\"1237\">\r\n\t\t<div class=\"w-grid-item-h\">\r\n\t\t\t\t\t\t<div class=\"w-vwrapper usg_vwrapper_1 align_none valign_top\"><div class=\"w-post-elm post_image usg_post_image_1 has_ratio\"><div style=\"padding-bottom:56.2500%\"><\/div><a href=\"https:\/\/ascendo2001.ro\/en\/cursuri\/competente-antreprenoriale\/\" aria-label=\"Competen\u021be Antreprenoriale\"><img width=\"1024\" height=\"724\" src=\"https:\/\/ascendo2001.ro\/wp-content\/uploads\/2023\/09\/competente-antreprenoriale-1024x724.jpg\" class=\"attachment-large size-large wp-post-image\" alt=\"Competente antreprenoriale\" decoding=\"async\" loading=\"lazy\" srcset=\"https:\/\/ascendo2001.ro\/wp-content\/uploads\/2023\/09\/competente-antreprenoriale-1024x724.jpg 1024w, https:\/\/ascendo2001.ro\/wp-content\/uploads\/2023\/09\/competente-antreprenoriale-300x212.jpg 300w, https:\/\/ascendo2001.ro\/wp-content\/uploads\/2023\/09\/competente-antreprenoriale-71x50.jpg 71w, https:\/\/ascendo2001.ro\/wp-content\/uploads\/2023\/09\/competente-antreprenoriale.jpg 1280w\" sizes=\"(max-width: 1024px) 100vw, 1024px\" \/><\/a><\/div><div class=\"w-vwrapper usg_vwrapper_2 align_none valign_top\"><h5 class=\"w-post-elm post_title usg_post_title_1 entry-title color_link_inherit has_text_color\"><a href=\"https:\/\/ascendo2001.ro\/en\/cursuri\/competente-antreprenoriale\/\">Competen\u021be Antreprenoriale<\/a><\/h5><div class=\"w-post-elm post_content usg_post_content_1\">Dac\u0103 sunte\u021bi pasionat(\u0103) de antreprenoriat \u0219i dori\u021bi s\u0103 v\u0103 dezvolta\u021bi abilit\u0103\u021bile necesare pentru a reu\u0219i \u00een lumea afacerilor, v\u0103 \u00eencuraj\u0103m s\u0103 v\u0103 \u00eenscrie\u021bi la cursul nostru de Competen\u021be Antreprenoriale.<\/div><\/div><div class=\"w-post-elm post_taxonomy usg_post_taxonomy_2 style_simple color_link_inherit\"><a href=\"https:\/\/ascendo2001.ro\/en\/cursuri\/competente-antreprenoriale\/\">Disponibil \u0219i online<\/a> \u2022 <a href=\"https:\/\/ascendo2001.ro\/en\/cursuri\/competente-antreprenoriale\/\">\u00cencepe \u00een cur\u00e2nd<\/a><\/div><\/div>\t\t<\/div>\r\n\t<\/article>\r\n\t<article class=\"w-grid-item post-1380 us_portfolio type-us_portfolio status-publish has-post-thumbnail hentry us_portfolio_category-infrumusetare us_portfolio_tag-incepe-in-curand\" data-id=\"1380\">\r\n\t\t<div class=\"w-grid-item-h\">\r\n\t\t\t\t\t\t<div class=\"w-vwrapper usg_vwrapper_1 align_none valign_top\"><div class=\"w-post-elm post_image usg_post_image_1 has_ratio\"><div style=\"padding-bottom:56.2500%\"><\/div><a href=\"https:\/\/ascendo2001.ro\/en\/cursuri\/stilist-protezist-de-unghii\/\" aria-label=\"Stilist Protezist de Unghii\"><img width=\"1024\" height=\"683\" src=\"https:\/\/ascendo2001.ro\/wp-content\/uploads\/2023\/09\/stilist-protezist-unghii-1024x683.jpg\" class=\"attachment-large size-large wp-post-image\" alt=\"Stilist protezist unghii\" decoding=\"async\" loading=\"lazy\" srcset=\"https:\/\/ascendo2001.ro\/wp-content\/uploads\/2023\/09\/stilist-protezist-unghii-1024x683.jpg 1024w, https:\/\/ascendo2001.ro\/wp-content\/uploads\/2023\/09\/stilist-protezist-unghii-300x200.jpg 300w, https:\/\/ascendo2001.ro\/wp-content\/uploads\/2023\/09\/stilist-protezist-unghii-75x50.jpg 75w\" sizes=\"(max-width: 1024px) 100vw, 1024px\" \/><\/a><\/div><div class=\"w-vwrapper usg_vwrapper_2 align_none valign_top\"><h5 class=\"w-post-elm post_title usg_post_title_1 entry-title color_link_inherit has_text_color\"><a href=\"https:\/\/ascendo2001.ro\/en\/cursuri\/stilist-protezist-de-unghii\/\">Stilist Protezist de Unghii<\/a><\/h5><div class=\"w-post-elm post_content usg_post_content_1\">Dac\u0103 sunte\u021bi dornici s\u0103 v\u0103 specializa\u021bi \u00een arta stiliz\u0103rii unghiilor \u0219i s\u0103 deveni\u021bi un maestru \u00een crearea unghiilor frumoase \u0219i unice, v\u0103 invit\u0103m s\u0103 v\u0103 \u00eenscrie\u021bi la cursul nostru de&hellip;<\/div><\/div><div class=\"w-post-elm post_taxonomy usg_post_taxonomy_2 style_simple color_link_inherit\"><a href=\"https:\/\/ascendo2001.ro\/en\/cursuri\/stilist-protezist-de-unghii\/\">\u00cencepe \u00een cur\u00e2nd<\/a><\/div><\/div>\t\t<\/div>\r\n\t<\/article>\r\n\t<article class=\"w-grid-item post-1343 us_portfolio type-us_portfolio status-publish has-post-thumbnail hentry us_portfolio_tag-incepe-in-curand\" data-id=\"1343\">\r\n\t\t<div class=\"w-grid-item-h\">\r\n\t\t\t\t\t\t<div class=\"w-vwrapper usg_vwrapper_1 align_none valign_top\"><div class=\"w-post-elm post_image usg_post_image_1 has_ratio\"><div style=\"padding-bottom:56.2500%\"><\/div><a href=\"https:\/\/ascendo2001.ro\/en\/cursuri\/manichiurist-pedichiurist\/\" aria-label=\"Manichiurist-Pedichiurist\"><img width=\"1024\" height=\"768\" src=\"https:\/\/ascendo2001.ro\/wp-content\/uploads\/2023\/09\/manichiurist.jpg\" class=\"attachment-large size-large wp-post-image\" alt=\"Manichiurist\" decoding=\"async\" loading=\"lazy\" srcset=\"https:\/\/ascendo2001.ro\/wp-content\/uploads\/2023\/09\/manichiurist.jpg 1024w, https:\/\/ascendo2001.ro\/wp-content\/uploads\/2023\/09\/manichiurist-300x225.jpg 300w, https:\/\/ascendo2001.ro\/wp-content\/uploads\/2023\/09\/manichiurist-67x50.jpg 67w\" sizes=\"(max-width: 1024px) 100vw, 1024px\" \/><\/a><\/div><div class=\"w-vwrapper usg_vwrapper_2 align_none valign_top\"><h5 class=\"w-post-elm post_title usg_post_title_1 entry-title color_link_inherit has_text_color\"><a href=\"https:\/\/ascendo2001.ro\/en\/cursuri\/manichiurist-pedichiurist\/\">Manichiurist-Pedichiurist<\/a><\/h5><div class=\"w-post-elm post_content usg_post_content_1\">Dac\u0103 sunte\u021bi pasiona\u021bi de frumuse\u021be \u0219i dori\u021bi s\u0103 v\u0103 dezvolta\u021bi cariera \u00een domeniul manichiurii \u0219i pedichiurii, v\u0103 invit\u0103m s\u0103 v\u0103 \u00eenscrie\u021bi la cursul nostru de Manichiurist-Pedichiurist.<\/div><\/div><div class=\"w-post-elm post_taxonomy usg_post_taxonomy_2 style_simple color_link_inherit\"><a href=\"https:\/\/ascendo2001.ro\/en\/cursuri\/manichiurist-pedichiurist\/\">\u00cencepe \u00een cur\u00e2nd<\/a><\/div><\/div>\t\t<\/div>\r\n\t<\/article>\r\n\t<article class=\"w-grid-item post-1322 us_portfolio type-us_portfolio status-publish has-post-thumbnail hentry us_portfolio_category-tehnic us_portfolio_tag-incepe-in-curand\" data-id=\"1322\">\r\n\t\t<div class=\"w-grid-item-h\">\r\n\t\t\t\t\t\t<div class=\"w-vwrapper usg_vwrapper_1 align_none valign_top\"><div class=\"w-post-elm post_image usg_post_image_1 has_ratio\"><div style=\"padding-bottom:56.2500%\"><\/div><a href=\"https:\/\/ascendo2001.ro\/en\/cursuri\/instalator-pentru-sisteme-fotovoltaice-solare\/\" aria-label=\"Instalator Pentru Sisteme Fotovoltaice &#8211; Solare\"><img width=\"1024\" height=\"576\" src=\"https:\/\/ascendo2001.ro\/wp-content\/uploads\/2023\/09\/Instalator-pentru-sisteme-fotovoltaice-1024x576.jpg\" class=\"attachment-large size-large wp-post-image\" alt=\"Instalator pentru sisteme fotovoltaice\" decoding=\"async\" loading=\"lazy\" srcset=\"https:\/\/ascendo2001.ro\/wp-content\/uploads\/2023\/09\/Instalator-pentru-sisteme-fotovoltaice-1024x576.jpg 1024w, https:\/\/ascendo2001.ro\/wp-content\/uploads\/2023\/09\/Instalator-pentru-sisteme-fotovoltaice-300x169.jpg 300w, https:\/\/ascendo2001.ro\/wp-content\/uploads\/2023\/09\/Instalator-pentru-sisteme-fotovoltaice-89x50.jpg 89w, https:\/\/ascendo2001.ro\/wp-content\/uploads\/2023\/09\/Instalator-pentru-sisteme-fotovoltaice.jpg 1920w\" sizes=\"(max-width: 1024px) 100vw, 1024px\" \/><\/a><\/div><div class=\"w-vwrapper usg_vwrapper_2 align_none valign_top\"><h5 class=\"w-post-elm post_title usg_post_title_1 entry-title color_link_inherit has_text_color\"><a href=\"https:\/\/ascendo2001.ro\/en\/cursuri\/instalator-pentru-sisteme-fotovoltaice-solare\/\">Instalator Pentru Sisteme Fotovoltaice &#8211; Solare<\/a><\/h5><div class=\"w-post-elm post_content usg_post_content_1\">Dac\u0103 dori\u021bi s\u0103 face\u021bi parte din industria energiei solare \u00een cre\u0219tere \u0219i s\u0103 contribui\u021bi la trecerea c\u0103tre surse de energie mai ecologice, v\u0103 invit\u0103m s\u0103 v\u0103 \u00eenscrie\u021bi la cursul nostru&hellip;<\/div><\/div><div class=\"w-post-elm post_taxonomy usg_post_taxonomy_2 style_simple color_link_inherit\"><a href=\"https:\/\/ascendo2001.ro\/en\/cursuri\/instalator-pentru-sisteme-fotovoltaice-solare\/\">\u00cencepe \u00een cur\u00e2nd<\/a><\/div><\/div>\t\t<\/div>\r\n\t<\/article>\r\n\t<article class=\"w-grid-item post-1312 us_portfolio type-us_portfolio status-publish has-post-thumbnail hentry us_portfolio_category-servicii us_portfolio_tag-online us_portfolio_tag-incepe-in-curand\" data-id=\"1312\">\r\n\t\t<div class=\"w-grid-item-h\">\r\n\t\t\t\t\t\t<div class=\"w-vwrapper usg_vwrapper_1 align_none valign_top\"><div class=\"w-post-elm post_image usg_post_image_1 has_ratio\"><div style=\"padding-bottom:56.2500%\"><\/div><a href=\"https:\/\/ascendo2001.ro\/en\/cursuri\/inspector-in-domeniul-securitatii-si-sanatatii-in-munca\/\" aria-label=\"Inspector \u00een Domeniul Securita\u021bii \u0219i Sanata\u021bii \u00een Munc\u0103\"><img width=\"1000\" height=\"667\" src=\"https:\/\/ascendo2001.ro\/wp-content\/uploads\/2023\/09\/Inspector-in-domeniul-securitatii-si-sanatatii.jpg\" class=\"attachment-large size-large wp-post-image\" alt=\"Incident management, root cause analysis or solving problem, identify risk or critical failure concept, businessman with magnifier monitor and investigate incident with exclamation attention sign.\" decoding=\"async\" loading=\"lazy\" srcset=\"https:\/\/ascendo2001.ro\/wp-content\/uploads\/2023\/09\/Inspector-in-domeniul-securitatii-si-sanatatii.jpg 1000w, https:\/\/ascendo2001.ro\/wp-content\/uploads\/2023\/09\/Inspector-in-domeniul-securitatii-si-sanatatii-300x200.jpg 300w, https:\/\/ascendo2001.ro\/wp-content\/uploads\/2023\/09\/Inspector-in-domeniul-securitatii-si-sanatatii-75x50.jpg 75w\" sizes=\"(max-width: 1000px) 100vw, 1000px\" \/><\/a><\/div><div class=\"w-vwrapper usg_vwrapper_2 align_none valign_top\"><h5 class=\"w-post-elm post_title usg_post_title_1 entry-title color_link_inherit has_text_color\"><a href=\"https:\/\/ascendo2001.ro\/en\/cursuri\/inspector-in-domeniul-securitatii-si-sanatatii-in-munca\/\">Inspector \u00een Domeniul Securita\u021bii \u0219i Sanata\u021bii \u00een Munc\u0103<\/a><\/h5><div class=\"w-post-elm post_content usg_post_content_1\">Dac\u0103 dori\u021bi s\u0103 face\u021bi parte din eforturile de a crea medii de munc\u0103 sigure \u0219i s\u0103n\u0103toase \u0219i s\u0103 juca\u021bi un rol vital \u00een securitatea angaja\u021bilor, v\u0103 invit\u0103m s\u0103 v\u0103 \u00eenscrie\u021bi&hellip;<\/div><\/div><div class=\"w-post-elm post_taxonomy usg_post_taxonomy_2 style_simple color_link_inherit\"><a href=\"https:\/\/ascendo2001.ro\/en\/cursuri\/inspector-in-domeniul-securitatii-si-sanatatii-in-munca\/\">Disponibil \u0219i online<\/a> \u2022 <a href=\"https:\/\/ascendo2001.ro\/en\/cursuri\/inspector-in-domeniul-securitatii-si-sanatatii-in-munca\/\">\u00cencepe \u00een cur\u00e2nd<\/a><\/div><\/div>\t\t<\/div>\r\n\t<\/article>\r\n\t<article class=\"w-grid-item post-1301 us_portfolio type-us_portfolio status-publish has-post-thumbnail hentry us_portfolio_tag-incepe-in-curand\" data-id=\"1301\">\r\n\t\t<div class=\"w-grid-item-h\">\r\n\t\t\t\t\t\t<div class=\"w-vwrapper usg_vwrapper_1 align_none valign_top\"><div class=\"w-post-elm post_image usg_post_image_1 has_ratio\"><div style=\"padding-bottom:56.2500%\"><\/div><a href=\"https:\/\/ascendo2001.ro\/en\/cursuri\/frizer-coafor-manechiurist-pedichiurist\/\" aria-label=\"Frizer, Coafor, Manichiurist, Pedichiurist\"><img width=\"683\" height=\"1024\" src=\"https:\/\/ascendo2001.ro\/wp-content\/uploads\/2023\/09\/Frizer-coaform-manichiurist-pedichiurist-683x1024.jpg\" class=\"attachment-large size-large wp-post-image\" alt=\"Frizer, coaform, manichiurist, pedichiurist\" decoding=\"async\" loading=\"lazy\" srcset=\"https:\/\/ascendo2001.ro\/wp-content\/uploads\/2023\/09\/Frizer-coaform-manichiurist-pedichiurist-683x1024.jpg 683w, https:\/\/ascendo2001.ro\/wp-content\/uploads\/2023\/09\/Frizer-coaform-manichiurist-pedichiurist-200x300.jpg 200w, https:\/\/ascendo2001.ro\/wp-content\/uploads\/2023\/09\/Frizer-coaform-manichiurist-pedichiurist-33x50.jpg 33w, https:\/\/ascendo2001.ro\/wp-content\/uploads\/2023\/09\/Frizer-coaform-manichiurist-pedichiurist.jpg 1174w\" sizes=\"(max-width: 683px) 100vw, 683px\" \/><\/a><\/div><div class=\"w-vwrapper usg_vwrapper_2 align_none valign_top\"><h5 class=\"w-post-elm post_title usg_post_title_1 entry-title color_link_inherit has_text_color\"><a href=\"https:\/\/ascendo2001.ro\/en\/cursuri\/frizer-coafor-manechiurist-pedichiurist\/\">Frizer, Coafor, Manichiurist, Pedichiurist<\/a><\/h5><div class=\"w-post-elm post_content usg_post_content_1\">Dac\u0103 dori\u021bi s\u0103 v\u0103 construi\u021bi o carier\u0103 \u00een industria frumuse\u021bii sau s\u0103 dezvolta\u021bi abilit\u0103\u021bi profesionale \u00een tuns, coafat, manichiur\u0103 \u0219i pedichiur\u0103, v\u0103 invit\u0103m s\u0103 v\u0103 \u00eenscrie\u021bi la cursul nostru de&hellip;<\/div><\/div><div class=\"w-post-elm post_taxonomy usg_post_taxonomy_2 style_simple color_link_inherit\"><a href=\"https:\/\/ascendo2001.ro\/en\/cursuri\/frizer-coafor-manechiurist-pedichiurist\/\">\u00cencepe \u00een cur\u00e2nd<\/a><\/div><\/div>\t\t<\/div>\r\n\t<\/article>\r\n\t<article class=\"w-grid-item post-1293 us_portfolio type-us_portfolio status-publish has-post-thumbnail hentry us_portfolio_category-infrumusetare us_portfolio_tag-incepe-in-curand\" data-id=\"1293\">\r\n\t\t<div class=\"w-grid-item-h\">\r\n\t\t\t\t\t\t<div class=\"w-vwrapper usg_vwrapper_1 align_none valign_top\"><div class=\"w-post-elm post_image usg_post_image_1 has_ratio\"><div style=\"padding-bottom:56.2500%\"><\/div><a href=\"https:\/\/ascendo2001.ro\/en\/cursuri\/frizer\/\" aria-label=\"Frizer\"><img width=\"1024\" height=\"683\" src=\"https:\/\/ascendo2001.ro\/wp-content\/uploads\/2023\/09\/Frizer-1024x683.jpg\" class=\"attachment-large size-large wp-post-image\" alt=\"Frizer\" decoding=\"async\" loading=\"lazy\" srcset=\"https:\/\/ascendo2001.ro\/wp-content\/uploads\/2023\/09\/Frizer-1024x683.jpg 1024w, https:\/\/ascendo2001.ro\/wp-content\/uploads\/2023\/09\/Frizer-300x200.jpg 300w, https:\/\/ascendo2001.ro\/wp-content\/uploads\/2023\/09\/Frizer-75x50.jpg 75w\" sizes=\"(max-width: 1024px) 100vw, 1024px\" \/><\/a><\/div><div class=\"w-vwrapper usg_vwrapper_2 align_none valign_top\"><h5 class=\"w-post-elm post_title usg_post_title_1 entry-title color_link_inherit has_text_color\"><a href=\"https:\/\/ascendo2001.ro\/en\/cursuri\/frizer\/\">Frizer<\/a><\/h5><div class=\"w-post-elm post_content usg_post_content_1\">Dac\u0103 dori\u021bi s\u0103 face\u021bi primii pa\u0219i \u00eentr-o carier\u0103 \u00een domeniul frizeriei \u0219i s\u0103 v\u0103 exprima\u021bi creativitatea prin transformarea p\u0103rului \u00een opere de art\u0103, v\u0103 invit\u0103m s\u0103 v\u0103 \u00eenscrie\u021bi la cursul&hellip;<\/div><\/div><div class=\"w-post-elm post_taxonomy usg_post_taxonomy_2 style_simple color_link_inherit\"><a href=\"https:\/\/ascendo2001.ro\/en\/cursuri\/frizer\/\">\u00cencepe \u00een cur\u00e2nd<\/a><\/div><\/div>\t\t<\/div>\r\n\t<\/article>\r\n\t<article class=\"w-grid-item post-1283 us_portfolio type-us_portfolio status-publish has-post-thumbnail hentry us_portfolio_category-servicii us_portfolio_tag-online us_portfolio_tag-incepe-in-curand us_portfolio_tag-prima-didactica\" data-id=\"1283\">\r\n\t\t<div class=\"w-grid-item-h\">\r\n\t\t\t\t\t\t<div class=\"w-vwrapper usg_vwrapper_1 align_none valign_top\"><div class=\"w-post-elm post_image usg_post_image_1 has_ratio\"><div style=\"padding-bottom:56.2500%\"><\/div><a href=\"https:\/\/ascendo2001.ro\/en\/cursuri\/formator\/\" aria-label=\"Formator\"><img width=\"1024\" height=\"683\" src=\"https:\/\/ascendo2001.ro\/wp-content\/uploads\/2023\/09\/formator-1024x683.jpg\" class=\"attachment-large size-large wp-post-image\" alt=\"Formator\" decoding=\"async\" loading=\"lazy\" srcset=\"https:\/\/ascendo2001.ro\/wp-content\/uploads\/2023\/09\/formator-1024x683.jpg 1024w, https:\/\/ascendo2001.ro\/wp-content\/uploads\/2023\/09\/formator-300x200.jpg 300w, https:\/\/ascendo2001.ro\/wp-content\/uploads\/2023\/09\/formator-75x50.jpg 75w\" sizes=\"(max-width: 1024px) 100vw, 1024px\" \/><\/a><\/div><div class=\"w-vwrapper usg_vwrapper_2 align_none valign_top\"><h5 class=\"w-post-elm post_title usg_post_title_1 entry-title color_link_inherit has_text_color\"><a href=\"https:\/\/ascendo2001.ro\/en\/cursuri\/formator\/\">Formator<\/a><\/h5><div class=\"w-post-elm post_content usg_post_content_1\">Dac\u0103 dori\u021bi s\u0103 face\u021bi pasul c\u0103tre o carier\u0103 solid\u0103 \u00een formare \u0219i dezvoltare profesional\u0103 \u0219i s\u0103 contribui\u021bi la cre\u0219terea competen\u021belor altora, v\u0103 invit\u0103m s\u0103 v\u0103 \u00eenscrie\u021bi la cursul nostru de&hellip;<\/div><\/div><div class=\"w-post-elm post_taxonomy usg_post_taxonomy_2 style_simple color_link_inherit\"><a href=\"https:\/\/ascendo2001.ro\/en\/cursuri\/formator\/\">Disponibil \u0219i online<\/a> \u2022 <a href=\"https:\/\/ascendo2001.ro\/en\/cursuri\/formator\/\">\u00cencepe \u00een cur\u00e2nd<\/a> \u2022 <a href=\"https:\/\/ascendo2001.ro\/en\/cursuri\/formator\/\">Prima didactic\u0103<\/a><\/div><\/div>\t\t<\/div>\r\n\t<\/article>\r\n<\/div><div class=\"g-preloader type_1\">\r\n\t<div><\/div>\r\n<\/div>\r\n\t<div class=\"w-grid-json hidden\" onclick='return {&quot;action&quot;:&quot;us_ajax_grid&quot;,&quot;ajax_url&quot;:&quot;https:\\\/\\\/ascendo2001.ro\\\/wp-admin\\\/admin-ajax.php&quot;,&quot;infinite_scroll&quot;:0,&quot;max_num_pages&quot;:2,&quot;pagination&quot;:&quot;none&quot;,&quot;permalink_url&quot;:&quot;https:\\\/\\\/ascendo2001.ro\\\/en\\\/wp-json\\\/wp\\\/v2\\\/pages\\\/657&quot;,&quot;template_vars&quot;:{&quot;columns&quot;:&quot;4&quot;,&quot;exclude_items&quot;:&quot;none&quot;,&quot;img_size&quot;:&quot;default&quot;,&quot;ignore_items_size&quot;:false,&quot;items_layout&quot;:&quot;1426&quot;,&quot;items_offset&quot;:&quot;1&quot;,&quot;load_animation&quot;:&quot;none&quot;,&quot;overriding_link&quot;:&quot;none&quot;,&quot;post_id&quot;:919,&quot;query_args&quot;:{&quot;post_type&quot;:[&quot;us_portfolio&quot;],&quot;tax_query&quot;:[{&quot;taxonomy&quot;:&quot;us_portfolio_tag&quot;,&quot;field&quot;:&quot;slug&quot;,&quot;terms&quot;:[&quot;incepe-in-curand&quot;]}],&quot;post_status&quot;:[&quot;publish&quot;],&quot;posts_per_page&quot;:&quot;10&quot;},&quot;orderby_query_args&quot;:{&quot;orderby&quot;:{&quot;date&quot;:&quot;DESC&quot;}},&quot;type&quot;:&quot;carousel&quot;,&quot;us_grid_ajax_index&quot;:3,&quot;us_grid_filter_params&quot;:null,&quot;us_grid_index&quot;:3,&quot;_us_grid_post_type&quot;:&quot;us_portfolio&quot;},&quot;carousel_settings&quot;:{&quot;autoHeight&quot;:0,&quot;autoplay&quot;:1,&quot;carousel_fade&quot;:0,&quot;center&quot;:0,&quot;dots&quot;:1,&quot;items&quot;:&quot;4&quot;,&quot;loop&quot;:false,&quot;nav&quot;:0,&quot;slideby&quot;:&quot;1&quot;,&quot;smooth_play&quot;:0,&quot;speed&quot;:150,&quot;timeout&quot;:8000,&quot;transition&quot;:&quot;&quot;},&quot;carousel_breakpoints&quot;:{&quot;1200&quot;:{&quot;items&quot;:4},&quot;900&quot;:{&quot;autoHeight&quot;:0,&quot;autoplay&quot;:1,&quot;autoplayHoverPause&quot;:1,&quot;items&quot;:3,&quot;loop&quot;:false},&quot;600&quot;:{&quot;autoHeight&quot;:0,&quot;autoplay&quot;:1,&quot;autoplayHoverPause&quot;:1,&quot;items&quot;:2,&quot;loop&quot;:false},&quot;0&quot;:{&quot;autoHeight&quot;:0,&quot;autoplay&quot;:1,&quot;autoplayHoverPause&quot;:1,&quot;items&quot;:1,&quot;loop&quot;:true}}}'><\/div>\r\n\t<\/div><\/div><\/div><\/div><\/div><\/section>\n<\/div><\/div><\/div><\/div><\/section><section class=\"l-section wpb_row height_small\"><div class=\"l-section-h i-cf\"><div class=\"g-cols via_grid cols_1 laptops-cols_inherit tablets-cols_inherit mobiles-cols_1 valign_top type_default\"><div class=\"wpb_column vc_column_container\"><div class=\"vc_column-inner\"><section class=\"l-section wpb_row us_custom_e7f5d98a height_small\"><div class=\"l-section-h i-cf\"><div class=\"g-cols via_grid cols_1 laptops-cols_inherit tablets-cols_inherit mobiles-cols_1 valign_top type_default\"><div class=\"wpb_column vc_column_container us_custom_9c8713ca\"><div class=\"vc_column-inner\"><h3 class=\"w-text\"><span class=\"w-text-h\"><span class=\"w-text-value\">Cursuri disponibile \u0219i online<\/span><\/span><\/h3><div class=\"w-grid  hide_on_default hide_on_laptops hide_on_tablets hide_on_mobiles type_grid layout_932 cols_3 overflow_hidden\" id=\"us_grid_4\"><style>#us_grid_4 .w-grid-item{padding:1.5rem}#us_grid_4 .w-grid-list{margin:-1.5rem}.w-grid + #us_grid_4 .w-grid-list{margin-top:1.5rem}@media (max-width:899px){#us_grid_4 .w-grid-item{width:50.0000%}}@media (max-width:599px){#us_grid_4 .w-grid-list{margin:0}#us_grid_4 .w-grid-item{width:100.0000%;padding:0;margin-bottom:1.5rem}}.layout_932 .w-grid-item-h{background:var(--color-content-bg);color:var(--color-content-text);border-radius:0.5rem;z-index:3;box-shadow:0 0.03rem 0.06rem rgba(0,0,0,0.1),0 0.10rem 0.30rem rgba(0,0,0,0.1);transition-duration:0.3s}.no-touch .layout_932 .w-grid-item-h:hover{box-shadow:0 0.10rem 0.20rem rgba(0,0,0,0.1),0 0.33rem 1.00rem rgba(0,0,0,0.15);z-index:4}.layout_932 .usg_post_title_1{color:var(--color-alt-content-link)!important}.layout_932 .usg_post_content_1{color:var(--color-alt-content-link)!important}.layout_932 .usg_vwrapper_2{margin:1rem!important}<\/style><div class=\"w-grid-list\">\t<article class=\"w-grid-item size_1x1 post-1237 us_portfolio type-us_portfolio status-publish has-post-thumbnail hentry us_portfolio_category-dezvoltare us_portfolio_tag-online us_portfolio_tag-incepe-in-curand\" data-id=\"1237\">\r\n\t\t<div class=\"w-grid-item-h\">\r\n\t\t\t\t\t\t<div class=\"w-vwrapper usg_vwrapper_1 align_none valign_top\"><div class=\"w-post-elm post_image usg_post_image_1 stretched\"><a href=\"https:\/\/ascendo2001.ro\/en\/cursuri\/competente-antreprenoriale\/\" aria-label=\"Competen\u021be Antreprenoriale\"><img width=\"1024\" height=\"724\" src=\"https:\/\/ascendo2001.ro\/wp-content\/uploads\/2023\/09\/competente-antreprenoriale-1024x724.jpg\" class=\"attachment-large size-large wp-post-image\" alt=\"Competente antreprenoriale\" decoding=\"async\" loading=\"lazy\" srcset=\"https:\/\/ascendo2001.ro\/wp-content\/uploads\/2023\/09\/competente-antreprenoriale-1024x724.jpg 1024w, https:\/\/ascendo2001.ro\/wp-content\/uploads\/2023\/09\/competente-antreprenoriale-300x212.jpg 300w, https:\/\/ascendo2001.ro\/wp-content\/uploads\/2023\/09\/competente-antreprenoriale-71x50.jpg 71w, https:\/\/ascendo2001.ro\/wp-content\/uploads\/2023\/09\/competente-antreprenoriale.jpg 1280w\" sizes=\"(max-width: 1024px) 100vw, 1024px\" \/><\/a><\/div><div class=\"w-vwrapper usg_vwrapper_2 align_none valign_top\"><h5 class=\"w-post-elm post_title usg_post_title_1 entry-title color_link_inherit has_text_color\"><a href=\"https:\/\/ascendo2001.ro\/en\/cursuri\/competente-antreprenoriale\/\">Competen\u021be Antreprenoriale<\/a><\/h5><div class=\"w-post-elm post_content usg_post_content_1\">Dac\u0103 sunte\u021bi pasionat(\u0103) de antreprenoriat \u0219i dori\u021bi s\u0103 v\u0103 dezvolta\u021bi abilit\u0103\u021bile necesare pentru a reu\u0219i \u00een lumea afacerilor, v\u0103 \u00eencuraj\u0103m&hellip;<\/div><\/div><\/div>\t\t<\/div>\r\n\t<\/article>\r\n\t<article class=\"w-grid-item size_1x1 post-1374 us_portfolio type-us_portfolio status-publish has-post-thumbnail hentry us_portfolio_category-dezvoltare us_portfolio_tag-online\" data-id=\"1374\">\r\n\t\t<div class=\"w-grid-item-h\">\r\n\t\t\t\t\t\t<div class=\"w-vwrapper usg_vwrapper_1 align_none valign_top\"><div class=\"w-post-elm post_image usg_post_image_1 stretched\"><a href=\"https:\/\/ascendo2001.ro\/en\/cursuri\/gdpr-responsabil-cu-protectia-datelor-cu-caracter-personal\/\" aria-label=\"GDPR &#8211; Responsabil cu Protec\u021bia Datelor cu Caracter Personal\"><img width=\"1024\" height=\"562\" src=\"https:\/\/ascendo2001.ro\/wp-content\/uploads\/2023\/09\/gdpr4-1024x562.jpeg\" class=\"attachment-large size-large wp-post-image\" alt=\"Businessman,Hand,Holding,Sign,General,Data,Protection,Regulation,(gdpr),And\" decoding=\"async\" loading=\"lazy\" srcset=\"https:\/\/ascendo2001.ro\/wp-content\/uploads\/2023\/09\/gdpr4-1024x562.jpeg 1024w, https:\/\/ascendo2001.ro\/wp-content\/uploads\/2023\/09\/gdpr4-300x165.jpeg 300w, https:\/\/ascendo2001.ro\/wp-content\/uploads\/2023\/09\/gdpr4-91x50.jpeg 91w\" sizes=\"(max-width: 1024px) 100vw, 1024px\" \/><\/a><\/div><div class=\"w-vwrapper usg_vwrapper_2 align_none valign_top\"><h5 class=\"w-post-elm post_title usg_post_title_1 entry-title color_link_inherit has_text_color\"><a href=\"https:\/\/ascendo2001.ro\/en\/cursuri\/gdpr-responsabil-cu-protectia-datelor-cu-caracter-personal\/\">GDPR &#8211; Responsabil cu Protec\u021bia Datelor cu Caracter Personal<\/a><\/h5><div class=\"w-post-elm post_content usg_post_content_1\">Dac\u0103 sunte\u021bi interesat s\u0103 v\u0103 dezvolta\u021bi o carier\u0103 \u00een domeniul protec\u021biei datelor \u0219i s\u0103 contribui\u021bi la protejarea informa\u021biilor personale \u00een&hellip;<\/div><\/div><\/div>\t\t<\/div>\r\n\t<\/article>\r\n\t<article class=\"w-grid-item size_1x1 post-1337 us_portfolio type-us_portfolio status-publish has-post-thumbnail hentry us_portfolio_category-dezvoltare us_portfolio_tag-online us_portfolio_tag-prima-didactica\" data-id=\"1337\">\r\n\t\t<div class=\"w-grid-item-h\">\r\n\t\t\t\t\t\t<div class=\"w-vwrapper usg_vwrapper_1 align_none valign_top\"><div class=\"w-post-elm post_image usg_post_image_1 stretched\"><a href=\"https:\/\/ascendo2001.ro\/en\/cursuri\/manager-proiect\/\" aria-label=\"Manager Proiect\"><img width=\"1024\" height=\"682\" src=\"https:\/\/ascendo2001.ro\/wp-content\/uploads\/2023\/09\/manager-proiect-1024x682.jpeg\" class=\"attachment-large size-large wp-post-image\" alt=\"Manager proiect\" decoding=\"async\" loading=\"lazy\" srcset=\"https:\/\/ascendo2001.ro\/wp-content\/uploads\/2023\/09\/manager-proiect-1024x682.jpeg 1024w, https:\/\/ascendo2001.ro\/wp-content\/uploads\/2023\/09\/manager-proiect-300x200.jpeg 300w, https:\/\/ascendo2001.ro\/wp-content\/uploads\/2023\/09\/manager-proiect-75x50.jpeg 75w, https:\/\/ascendo2001.ro\/wp-content\/uploads\/2023\/09\/manager-proiect.jpeg 1600w\" sizes=\"(max-width: 1024px) 100vw, 1024px\" \/><\/a><\/div><div class=\"w-vwrapper usg_vwrapper_2 align_none valign_top\"><h5 class=\"w-post-elm post_title usg_post_title_1 entry-title color_link_inherit has_text_color\"><a href=\"https:\/\/ascendo2001.ro\/en\/cursuri\/manager-proiect\/\">Manager Proiect<\/a><\/h5><div class=\"w-post-elm post_content usg_post_content_1\">Dac\u0103 sunte\u021bi pasionat de organizare, planificare \u0219i implementarea cu succes a proiectelor, v\u0103 invit\u0103m s\u0103 v\u0103 \u00eenscrie\u021bi la cursul nostru&hellip;<\/div><\/div><\/div>\t\t<\/div>\r\n\t<\/article>\r\n\t<article class=\"w-grid-item size_1x1 post-1318 us_portfolio type-us_portfolio status-publish has-post-thumbnail hentry us_portfolio_category-dezvoltare us_portfolio_category-servicii us_portfolio_tag-online\" data-id=\"1318\">\r\n\t\t<div class=\"w-grid-item-h\">\r\n\t\t\t\t\t\t<div class=\"w-vwrapper usg_vwrapper_1 align_none valign_top\"><div class=\"w-post-elm post_image usg_post_image_1 stretched\"><a href=\"https:\/\/ascendo2001.ro\/en\/cursuri\/inspector-referent-resurse-umane\/\" aria-label=\"Inspector Resurse Umane\"><img width=\"612\" height=\"470\" src=\"https:\/\/ascendo2001.ro\/wp-content\/uploads\/2023\/09\/ascendo-resurse-umane.webp\" class=\"attachment-large size-large wp-post-image\" alt=\"Ascendo resurse umane\" decoding=\"async\" loading=\"lazy\" srcset=\"https:\/\/ascendo2001.ro\/wp-content\/uploads\/2023\/09\/ascendo-resurse-umane.webp 612w, https:\/\/ascendo2001.ro\/wp-content\/uploads\/2023\/09\/ascendo-resurse-umane-300x230.webp 300w, https:\/\/ascendo2001.ro\/wp-content\/uploads\/2023\/09\/ascendo-resurse-umane-16x12.webp 16w, https:\/\/ascendo2001.ro\/wp-content\/uploads\/2023\/09\/ascendo-resurse-umane-65x50.webp 65w\" sizes=\"(max-width: 612px) 100vw, 612px\" \/><\/a><\/div><div class=\"w-vwrapper usg_vwrapper_2 align_none valign_top\"><h5 class=\"w-post-elm post_title usg_post_title_1 entry-title color_link_inherit has_text_color\"><a href=\"https:\/\/ascendo2001.ro\/en\/cursuri\/inspector-referent-resurse-umane\/\">Inspector Resurse Umane<\/a><\/h5><div class=\"w-post-elm post_content usg_post_content_1\">Dac\u0103 dori\u021bi s\u0103 contribui\u021bi la dezvoltarea \u0219i eficien\u021ba organiza\u021biilor prin gestionarea talentelor umane, v\u0103 invit\u0103m s\u0103 v\u0103 \u00eenscrie\u021bi la cursul&hellip;<\/div><\/div><\/div>\t\t<\/div>\r\n\t<\/article>\r\n\t<article class=\"w-grid-item size_1x1 post-1312 us_portfolio type-us_portfolio status-publish has-post-thumbnail hentry us_portfolio_category-servicii us_portfolio_tag-online us_portfolio_tag-incepe-in-curand\" data-id=\"1312\">\r\n\t\t<div class=\"w-grid-item-h\">\r\n\t\t\t\t\t\t<div class=\"w-vwrapper usg_vwrapper_1 align_none valign_top\"><div class=\"w-post-elm post_image usg_post_image_1 stretched\"><a href=\"https:\/\/ascendo2001.ro\/en\/cursuri\/inspector-in-domeniul-securitatii-si-sanatatii-in-munca\/\" aria-label=\"Inspector \u00een Domeniul Securita\u021bii \u0219i Sanata\u021bii \u00een Munc\u0103\"><img width=\"1000\" height=\"667\" src=\"https:\/\/ascendo2001.ro\/wp-content\/uploads\/2023\/09\/Inspector-in-domeniul-securitatii-si-sanatatii.jpg\" class=\"attachment-large size-large wp-post-image\" alt=\"Incident management, root cause analysis or solving problem, identify risk or critical failure concept, businessman with magnifier monitor and investigate incident with exclamation attention sign.\" decoding=\"async\" loading=\"lazy\" srcset=\"https:\/\/ascendo2001.ro\/wp-content\/uploads\/2023\/09\/Inspector-in-domeniul-securitatii-si-sanatatii.jpg 1000w, https:\/\/ascendo2001.ro\/wp-content\/uploads\/2023\/09\/Inspector-in-domeniul-securitatii-si-sanatatii-300x200.jpg 300w, https:\/\/ascendo2001.ro\/wp-content\/uploads\/2023\/09\/Inspector-in-domeniul-securitatii-si-sanatatii-75x50.jpg 75w\" sizes=\"(max-width: 1000px) 100vw, 1000px\" \/><\/a><\/div><div class=\"w-vwrapper usg_vwrapper_2 align_none valign_top\"><h5 class=\"w-post-elm post_title usg_post_title_1 entry-title color_link_inherit has_text_color\"><a href=\"https:\/\/ascendo2001.ro\/en\/cursuri\/inspector-in-domeniul-securitatii-si-sanatatii-in-munca\/\">Inspector \u00een Domeniul Securita\u021bii \u0219i Sanata\u021bii \u00een Munc\u0103<\/a><\/h5><div class=\"w-post-elm post_content usg_post_content_1\">Dac\u0103 dori\u021bi s\u0103 face\u021bi parte din eforturile de a crea medii de munc\u0103 sigure \u0219i s\u0103n\u0103toase \u0219i s\u0103 juca\u021bi un&hellip;<\/div><\/div><\/div>\t\t<\/div>\r\n\t<\/article>\r\n\t<article class=\"w-grid-item size_1x1 post-1283 us_portfolio type-us_portfolio status-publish has-post-thumbnail hentry us_portfolio_category-servicii us_portfolio_tag-online us_portfolio_tag-incepe-in-curand us_portfolio_tag-prima-didactica\" data-id=\"1283\">\r\n\t\t<div class=\"w-grid-item-h\">\r\n\t\t\t\t\t\t<div class=\"w-vwrapper usg_vwrapper_1 align_none valign_top\"><div class=\"w-post-elm post_image usg_post_image_1 stretched\"><a href=\"https:\/\/ascendo2001.ro\/en\/cursuri\/formator\/\" aria-label=\"Formator\"><img width=\"1024\" height=\"683\" src=\"https:\/\/ascendo2001.ro\/wp-content\/uploads\/2023\/09\/formator-1024x683.jpg\" class=\"attachment-large size-large wp-post-image\" alt=\"Formator\" decoding=\"async\" loading=\"lazy\" srcset=\"https:\/\/ascendo2001.ro\/wp-content\/uploads\/2023\/09\/formator-1024x683.jpg 1024w, https:\/\/ascendo2001.ro\/wp-content\/uploads\/2023\/09\/formator-300x200.jpg 300w, https:\/\/ascendo2001.ro\/wp-content\/uploads\/2023\/09\/formator-75x50.jpg 75w\" sizes=\"(max-width: 1024px) 100vw, 1024px\" \/><\/a><\/div><div class=\"w-vwrapper usg_vwrapper_2 align_none valign_top\"><h5 class=\"w-post-elm post_title usg_post_title_1 entry-title color_link_inherit has_text_color\"><a href=\"https:\/\/ascendo2001.ro\/en\/cursuri\/formator\/\">Formator<\/a><\/h5><div class=\"w-post-elm post_content usg_post_content_1\">Dac\u0103 dori\u021bi s\u0103 face\u021bi pasul c\u0103tre o carier\u0103 solid\u0103 \u00een formare \u0219i dezvoltare profesional\u0103 \u0219i s\u0103 contribui\u021bi la cre\u0219terea competen\u021belor&hellip;<\/div><\/div><\/div>\t\t<\/div>\r\n\t<\/article>\r\n\t<article class=\"w-grid-item size_1x1 post-1249 us_portfolio type-us_portfolio status-publish has-post-thumbnail hentry us_portfolio_category-tehnic us_portfolio_tag-online us_portfolio_tag-incepe-in-curand\" data-id=\"1249\">\r\n\t\t<div class=\"w-grid-item-h\">\r\n\t\t\t\t\t\t<div class=\"w-vwrapper usg_vwrapper_1 align_none valign_top\"><div class=\"w-post-elm post_image usg_post_image_1 stretched\"><a href=\"https:\/\/ascendo2001.ro\/en\/cursuri\/competene-digitale-de-utilizare-a-tehnologiei-informatiei-ca-instrument-de-invatare-si-cunoastere\/\" aria-label=\"Competene Digitale de Utilizare a Tehnologiei Informa\u021biei ca Instrument de \u00cenva\u021bare \u0219i Cunoastere\"><img width=\"1024\" height=\"683\" src=\"https:\/\/ascendo2001.ro\/wp-content\/uploads\/2023\/09\/Compente-digitale-de-utilizare-a-tehnologiei-1024x683.jpg\" class=\"attachment-large size-large wp-post-image\" alt=\"Compente digitale de utilizare a tehnologiei\" decoding=\"async\" loading=\"lazy\" srcset=\"https:\/\/ascendo2001.ro\/wp-content\/uploads\/2023\/09\/Compente-digitale-de-utilizare-a-tehnologiei-1024x683.jpg 1024w, https:\/\/ascendo2001.ro\/wp-content\/uploads\/2023\/09\/Compente-digitale-de-utilizare-a-tehnologiei-300x200.jpg 300w, https:\/\/ascendo2001.ro\/wp-content\/uploads\/2023\/09\/Compente-digitale-de-utilizare-a-tehnologiei-75x50.jpg 75w\" sizes=\"(max-width: 1024px) 100vw, 1024px\" \/><\/a><\/div><div class=\"w-vwrapper usg_vwrapper_2 align_none valign_top\"><h5 class=\"w-post-elm post_title usg_post_title_1 entry-title color_link_inherit has_text_color\"><a href=\"https:\/\/ascendo2001.ro\/en\/cursuri\/competene-digitale-de-utilizare-a-tehnologiei-informatiei-ca-instrument-de-invatare-si-cunoastere\/\">Competene Digitale de Utilizare a Tehnologiei Informa\u021biei ca Instrument de \u00cenva\u021bare \u0219i Cunoastere<\/a><\/h5><div class=\"w-post-elm post_content usg_post_content_1\">Dac\u0103 dori\u021bi s\u0103 v\u0103 preg\u0103ti\u021bi pentru viitor \u0219i s\u0103 deveni\u021bi proficient \u00een utilizarea tehnologiei informa\u021biei \u00een scopuri de \u00eenv\u0103\u021bare \u0219i&hellip;<\/div><\/div><\/div>\t\t<\/div>\r\n\t<\/article>\r\n<\/div><div class=\"w-grid-preloader\"><div class=\"g-preloader type_1\">\r\n\t<div><\/div>\r\n<\/div>\r\n<\/div>\t<div class=\"w-grid-json hidden\" onclick='return {&quot;action&quot;:&quot;us_ajax_grid&quot;,&quot;ajax_url&quot;:&quot;https:\\\/\\\/ascendo2001.ro\\\/wp-admin\\\/admin-ajax.php&quot;,&quot;infinite_scroll&quot;:0,&quot;max_num_pages&quot;:1,&quot;pagination&quot;:&quot;none&quot;,&quot;permalink_url&quot;:&quot;https:\\\/\\\/ascendo2001.ro\\\/en\\\/wp-json\\\/wp\\\/v2\\\/pages\\\/657&quot;,&quot;template_vars&quot;:{&quot;columns&quot;:&quot;3&quot;,&quot;exclude_items&quot;:&quot;none&quot;,&quot;img_size&quot;:&quot;default&quot;,&quot;ignore_items_size&quot;:false,&quot;items_layout&quot;:&quot;932&quot;,&quot;items_offset&quot;:&quot;1&quot;,&quot;load_animation&quot;:&quot;none&quot;,&quot;overriding_link&quot;:&quot;none&quot;,&quot;post_id&quot;:930,&quot;query_args&quot;:{&quot;post_type&quot;:[&quot;us_portfolio&quot;],&quot;tax_query&quot;:[{&quot;taxonomy&quot;:&quot;us_portfolio_tag&quot;,&quot;field&quot;:&quot;slug&quot;,&quot;terms&quot;:[&quot;online&quot;]}],&quot;post_status&quot;:[&quot;publish&quot;],&quot;posts_per_page&quot;:&quot;10&quot;},&quot;orderby_query_args&quot;:{&quot;orderby&quot;:{&quot;date&quot;:&quot;DESC&quot;}},&quot;type&quot;:&quot;grid&quot;,&quot;us_grid_ajax_index&quot;:1,&quot;us_grid_filter_params&quot;:null,&quot;us_grid_index&quot;:4,&quot;_us_grid_post_type&quot;:&quot;us_portfolio&quot;}}'><\/div>\r\n\t<\/div><div class=\"w-grid us_custom_e7f5d98a type_carousel layout_1426 cols_4 overflow_hidden\" id=\"us_grid_5\"><style>#us_grid_5 .w-grid-item{padding:1.5rem}#us_grid_5 .w-grid-list{margin:-1.5rem}.w-grid + #us_grid_5 .w-grid-list{margin-top:1.5rem}<\/style><div class=\"w-grid-list owl-carousel navstyle_circle navpos_outside with_dots\">\t<article class=\"w-grid-item post-1237 us_portfolio type-us_portfolio status-publish has-post-thumbnail hentry us_portfolio_category-dezvoltare us_portfolio_tag-online us_portfolio_tag-incepe-in-curand\" data-id=\"1237\">\r\n\t\t<div class=\"w-grid-item-h\">\r\n\t\t\t\t\t\t<div class=\"w-vwrapper usg_vwrapper_1 align_none valign_top\"><div class=\"w-post-elm post_image usg_post_image_1 has_ratio\"><div style=\"padding-bottom:56.2500%\"><\/div><a href=\"https:\/\/ascendo2001.ro\/en\/cursuri\/competente-antreprenoriale\/\" aria-label=\"Competen\u021be Antreprenoriale\"><img width=\"1024\" height=\"724\" src=\"https:\/\/ascendo2001.ro\/wp-content\/uploads\/2023\/09\/competente-antreprenoriale-1024x724.jpg\" class=\"attachment-large size-large wp-post-image\" alt=\"Competente antreprenoriale\" decoding=\"async\" loading=\"lazy\" srcset=\"https:\/\/ascendo2001.ro\/wp-content\/uploads\/2023\/09\/competente-antreprenoriale-1024x724.jpg 1024w, https:\/\/ascendo2001.ro\/wp-content\/uploads\/2023\/09\/competente-antreprenoriale-300x212.jpg 300w, https:\/\/ascendo2001.ro\/wp-content\/uploads\/2023\/09\/competente-antreprenoriale-71x50.jpg 71w, https:\/\/ascendo2001.ro\/wp-content\/uploads\/2023\/09\/competente-antreprenoriale.jpg 1280w\" sizes=\"(max-width: 1024px) 100vw, 1024px\" \/><\/a><\/div><div class=\"w-vwrapper usg_vwrapper_2 align_none valign_top\"><h5 class=\"w-post-elm post_title usg_post_title_1 entry-title color_link_inherit has_text_color\"><a href=\"https:\/\/ascendo2001.ro\/en\/cursuri\/competente-antreprenoriale\/\">Competen\u021be Antreprenoriale<\/a><\/h5><div class=\"w-post-elm post_content usg_post_content_1\">Dac\u0103 sunte\u021bi pasionat(\u0103) de antreprenoriat \u0219i dori\u021bi s\u0103 v\u0103 dezvolta\u021bi abilit\u0103\u021bile necesare pentru a reu\u0219i \u00een lumea afacerilor, v\u0103 \u00eencuraj\u0103m s\u0103 v\u0103 \u00eenscrie\u021bi la cursul nostru de Competen\u021be Antreprenoriale.<\/div><\/div><div class=\"w-post-elm post_taxonomy usg_post_taxonomy_2 style_simple color_link_inherit\"><a href=\"https:\/\/ascendo2001.ro\/en\/cursuri\/competente-antreprenoriale\/\">Disponibil \u0219i online<\/a> \u2022 <a href=\"https:\/\/ascendo2001.ro\/en\/cursuri\/competente-antreprenoriale\/\">\u00cencepe \u00een cur\u00e2nd<\/a><\/div><\/div>\t\t<\/div>\r\n\t<\/article>\r\n\t<article class=\"w-grid-item post-1374 us_portfolio type-us_portfolio status-publish has-post-thumbnail hentry us_portfolio_category-dezvoltare us_portfolio_tag-online\" data-id=\"1374\">\r\n\t\t<div class=\"w-grid-item-h\">\r\n\t\t\t\t\t\t<div class=\"w-vwrapper usg_vwrapper_1 align_none valign_top\"><div class=\"w-post-elm post_image usg_post_image_1 has_ratio\"><div style=\"padding-bottom:56.2500%\"><\/div><a href=\"https:\/\/ascendo2001.ro\/en\/cursuri\/gdpr-responsabil-cu-protectia-datelor-cu-caracter-personal\/\" aria-label=\"GDPR &#8211; Responsabil cu Protec\u021bia Datelor cu Caracter Personal\"><img width=\"1024\" height=\"562\" src=\"https:\/\/ascendo2001.ro\/wp-content\/uploads\/2023\/09\/gdpr4-1024x562.jpeg\" class=\"attachment-large size-large wp-post-image\" alt=\"Businessman,Hand,Holding,Sign,General,Data,Protection,Regulation,(gdpr),And\" decoding=\"async\" loading=\"lazy\" srcset=\"https:\/\/ascendo2001.ro\/wp-content\/uploads\/2023\/09\/gdpr4-1024x562.jpeg 1024w, https:\/\/ascendo2001.ro\/wp-content\/uploads\/2023\/09\/gdpr4-300x165.jpeg 300w, https:\/\/ascendo2001.ro\/wp-content\/uploads\/2023\/09\/gdpr4-91x50.jpeg 91w\" sizes=\"(max-width: 1024px) 100vw, 1024px\" \/><\/a><\/div><div class=\"w-vwrapper usg_vwrapper_2 align_none valign_top\"><h5 class=\"w-post-elm post_title usg_post_title_1 entry-title color_link_inherit has_text_color\"><a href=\"https:\/\/ascendo2001.ro\/en\/cursuri\/gdpr-responsabil-cu-protectia-datelor-cu-caracter-personal\/\">GDPR &#8211; Responsabil cu Protec\u021bia Datelor cu Caracter Personal<\/a><\/h5><div class=\"w-post-elm post_content usg_post_content_1\">Dac\u0103 sunte\u021bi interesat s\u0103 v\u0103 dezvolta\u021bi o carier\u0103 \u00een domeniul protec\u021biei datelor \u0219i s\u0103 contribui\u021bi la protejarea informa\u021biilor personale \u00een era digital\u0103, v\u0103 invit\u0103m s\u0103 v\u0103 \u00eenscrie\u021bi la cursul nostru&hellip;<\/div><\/div><div class=\"w-post-elm post_taxonomy usg_post_taxonomy_2 style_simple color_link_inherit\"><a href=\"https:\/\/ascendo2001.ro\/en\/cursuri\/gdpr-responsabil-cu-protectia-datelor-cu-caracter-personal\/\">Disponibil \u0219i online<\/a><\/div><\/div>\t\t<\/div>\r\n\t<\/article>\r\n\t<article class=\"w-grid-item post-1337 us_portfolio type-us_portfolio status-publish has-post-thumbnail hentry us_portfolio_category-dezvoltare us_portfolio_tag-online us_portfolio_tag-prima-didactica\" data-id=\"1337\">\r\n\t\t<div class=\"w-grid-item-h\">\r\n\t\t\t\t\t\t<div class=\"w-vwrapper usg_vwrapper_1 align_none valign_top\"><div class=\"w-post-elm post_image usg_post_image_1 has_ratio\"><div style=\"padding-bottom:56.2500%\"><\/div><a href=\"https:\/\/ascendo2001.ro\/en\/cursuri\/manager-proiect\/\" aria-label=\"Manager Proiect\"><img width=\"1024\" height=\"682\" src=\"https:\/\/ascendo2001.ro\/wp-content\/uploads\/2023\/09\/manager-proiect-1024x682.jpeg\" class=\"attachment-large size-large wp-post-image\" alt=\"Manager proiect\" decoding=\"async\" loading=\"lazy\" srcset=\"https:\/\/ascendo2001.ro\/wp-content\/uploads\/2023\/09\/manager-proiect-1024x682.jpeg 1024w, https:\/\/ascendo2001.ro\/wp-content\/uploads\/2023\/09\/manager-proiect-300x200.jpeg 300w, https:\/\/ascendo2001.ro\/wp-content\/uploads\/2023\/09\/manager-proiect-75x50.jpeg 75w, https:\/\/ascendo2001.ro\/wp-content\/uploads\/2023\/09\/manager-proiect.jpeg 1600w\" sizes=\"(max-width: 1024px) 100vw, 1024px\" \/><\/a><\/div><div class=\"w-vwrapper usg_vwrapper_2 align_none valign_top\"><h5 class=\"w-post-elm post_title usg_post_title_1 entry-title color_link_inherit has_text_color\"><a href=\"https:\/\/ascendo2001.ro\/en\/cursuri\/manager-proiect\/\">Manager Proiect<\/a><\/h5><div class=\"w-post-elm post_content usg_post_content_1\">Dac\u0103 sunte\u021bi pasionat de organizare, planificare \u0219i implementarea cu succes a proiectelor, v\u0103 invit\u0103m s\u0103 v\u0103 \u00eenscrie\u021bi la cursul nostru de Manager de Proiect.<\/div><\/div><div class=\"w-post-elm post_taxonomy usg_post_taxonomy_2 style_simple color_link_inherit\"><a href=\"https:\/\/ascendo2001.ro\/en\/cursuri\/manager-proiect\/\">Disponibil \u0219i online<\/a> \u2022 <a href=\"https:\/\/ascendo2001.ro\/en\/cursuri\/manager-proiect\/\">Prima didactic\u0103<\/a><\/div><\/div>\t\t<\/div>\r\n\t<\/article>\r\n\t<article class=\"w-grid-item post-1318 us_portfolio type-us_portfolio status-publish has-post-thumbnail hentry us_portfolio_category-dezvoltare us_portfolio_category-servicii us_portfolio_tag-online\" data-id=\"1318\">\r\n\t\t<div class=\"w-grid-item-h\">\r\n\t\t\t\t\t\t<div class=\"w-vwrapper usg_vwrapper_1 align_none valign_top\"><div class=\"w-post-elm post_image usg_post_image_1 has_ratio\"><div style=\"padding-bottom:56.2500%\"><\/div><a href=\"https:\/\/ascendo2001.ro\/en\/cursuri\/inspector-referent-resurse-umane\/\" aria-label=\"Inspector Resurse Umane\"><img width=\"612\" height=\"470\" src=\"https:\/\/ascendo2001.ro\/wp-content\/uploads\/2023\/09\/ascendo-resurse-umane.webp\" class=\"attachment-large size-large wp-post-image\" alt=\"Ascendo resurse umane\" decoding=\"async\" loading=\"lazy\" srcset=\"https:\/\/ascendo2001.ro\/wp-content\/uploads\/2023\/09\/ascendo-resurse-umane.webp 612w, https:\/\/ascendo2001.ro\/wp-content\/uploads\/2023\/09\/ascendo-resurse-umane-300x230.webp 300w, https:\/\/ascendo2001.ro\/wp-content\/uploads\/2023\/09\/ascendo-resurse-umane-16x12.webp 16w, https:\/\/ascendo2001.ro\/wp-content\/uploads\/2023\/09\/ascendo-resurse-umane-65x50.webp 65w\" sizes=\"(max-width: 612px) 100vw, 612px\" \/><\/a><\/div><div class=\"w-vwrapper usg_vwrapper_2 align_none valign_top\"><h5 class=\"w-post-elm post_title usg_post_title_1 entry-title color_link_inherit has_text_color\"><a href=\"https:\/\/ascendo2001.ro\/en\/cursuri\/inspector-referent-resurse-umane\/\">Inspector Resurse Umane<\/a><\/h5><div class=\"w-post-elm post_content usg_post_content_1\">Dac\u0103 dori\u021bi s\u0103 contribui\u021bi la dezvoltarea \u0219i eficien\u021ba organiza\u021biilor prin gestionarea talentelor umane, v\u0103 invit\u0103m s\u0103 v\u0103 \u00eenscrie\u021bi la cursul nostru de Inspector (Referent) Resurse Umane<\/div><\/div><div class=\"w-post-elm post_taxonomy usg_post_taxonomy_2 style_simple color_link_inherit\"><a href=\"https:\/\/ascendo2001.ro\/en\/cursuri\/inspector-referent-resurse-umane\/\">Disponibil \u0219i online<\/a><\/div><\/div>\t\t<\/div>\r\n\t<\/article>\r\n\t<article class=\"w-grid-item post-1312 us_portfolio type-us_portfolio status-publish has-post-thumbnail hentry us_portfolio_category-servicii us_portfolio_tag-online us_portfolio_tag-incepe-in-curand\" data-id=\"1312\">\r\n\t\t<div class=\"w-grid-item-h\">\r\n\t\t\t\t\t\t<div class=\"w-vwrapper usg_vwrapper_1 align_none valign_top\"><div class=\"w-post-elm post_image usg_post_image_1 has_ratio\"><div style=\"padding-bottom:56.2500%\"><\/div><a href=\"https:\/\/ascendo2001.ro\/en\/cursuri\/inspector-in-domeniul-securitatii-si-sanatatii-in-munca\/\" aria-label=\"Inspector \u00een Domeniul Securita\u021bii \u0219i Sanata\u021bii \u00een Munc\u0103\"><img width=\"1000\" height=\"667\" src=\"https:\/\/ascendo2001.ro\/wp-content\/uploads\/2023\/09\/Inspector-in-domeniul-securitatii-si-sanatatii.jpg\" class=\"attachment-large size-large wp-post-image\" alt=\"Incident management, root cause analysis or solving problem, identify risk or critical failure concept, businessman with magnifier monitor and investigate incident with exclamation attention sign.\" decoding=\"async\" loading=\"lazy\" srcset=\"https:\/\/ascendo2001.ro\/wp-content\/uploads\/2023\/09\/Inspector-in-domeniul-securitatii-si-sanatatii.jpg 1000w, https:\/\/ascendo2001.ro\/wp-content\/uploads\/2023\/09\/Inspector-in-domeniul-securitatii-si-sanatatii-300x200.jpg 300w, https:\/\/ascendo2001.ro\/wp-content\/uploads\/2023\/09\/Inspector-in-domeniul-securitatii-si-sanatatii-75x50.jpg 75w\" sizes=\"(max-width: 1000px) 100vw, 1000px\" \/><\/a><\/div><div class=\"w-vwrapper usg_vwrapper_2 align_none valign_top\"><h5 class=\"w-post-elm post_title usg_post_title_1 entry-title color_link_inherit has_text_color\"><a href=\"https:\/\/ascendo2001.ro\/en\/cursuri\/inspector-in-domeniul-securitatii-si-sanatatii-in-munca\/\">Inspector \u00een Domeniul Securita\u021bii \u0219i Sanata\u021bii \u00een Munc\u0103<\/a><\/h5><div class=\"w-post-elm post_content usg_post_content_1\">Dac\u0103 dori\u021bi s\u0103 face\u021bi parte din eforturile de a crea medii de munc\u0103 sigure \u0219i s\u0103n\u0103toase \u0219i s\u0103 juca\u021bi un rol vital \u00een securitatea angaja\u021bilor, v\u0103 invit\u0103m s\u0103 v\u0103 \u00eenscrie\u021bi&hellip;<\/div><\/div><div class=\"w-post-elm post_taxonomy usg_post_taxonomy_2 style_simple color_link_inherit\"><a href=\"https:\/\/ascendo2001.ro\/en\/cursuri\/inspector-in-domeniul-securitatii-si-sanatatii-in-munca\/\">Disponibil \u0219i online<\/a> \u2022 <a href=\"https:\/\/ascendo2001.ro\/en\/cursuri\/inspector-in-domeniul-securitatii-si-sanatatii-in-munca\/\">\u00cencepe \u00een cur\u00e2nd<\/a><\/div><\/div>\t\t<\/div>\r\n\t<\/article>\r\n\t<article class=\"w-grid-item post-1283 us_portfolio type-us_portfolio status-publish has-post-thumbnail hentry us_portfolio_category-servicii us_portfolio_tag-online us_portfolio_tag-incepe-in-curand us_portfolio_tag-prima-didactica\" data-id=\"1283\">\r\n\t\t<div class=\"w-grid-item-h\">\r\n\t\t\t\t\t\t<div class=\"w-vwrapper usg_vwrapper_1 align_none valign_top\"><div class=\"w-post-elm post_image usg_post_image_1 has_ratio\"><div style=\"padding-bottom:56.2500%\"><\/div><a href=\"https:\/\/ascendo2001.ro\/en\/cursuri\/formator\/\" aria-label=\"Formator\"><img width=\"1024\" height=\"683\" src=\"https:\/\/ascendo2001.ro\/wp-content\/uploads\/2023\/09\/formator-1024x683.jpg\" class=\"attachment-large size-large wp-post-image\" alt=\"Formator\" decoding=\"async\" loading=\"lazy\" srcset=\"https:\/\/ascendo2001.ro\/wp-content\/uploads\/2023\/09\/formator-1024x683.jpg 1024w, https:\/\/ascendo2001.ro\/wp-content\/uploads\/2023\/09\/formator-300x200.jpg 300w, https:\/\/ascendo2001.ro\/wp-content\/uploads\/2023\/09\/formator-75x50.jpg 75w\" sizes=\"(max-width: 1024px) 100vw, 1024px\" \/><\/a><\/div><div class=\"w-vwrapper usg_vwrapper_2 align_none valign_top\"><h5 class=\"w-post-elm post_title usg_post_title_1 entry-title color_link_inherit has_text_color\"><a href=\"https:\/\/ascendo2001.ro\/en\/cursuri\/formator\/\">Formator<\/a><\/h5><div class=\"w-post-elm post_content usg_post_content_1\">Dac\u0103 dori\u021bi s\u0103 face\u021bi pasul c\u0103tre o carier\u0103 solid\u0103 \u00een formare \u0219i dezvoltare profesional\u0103 \u0219i s\u0103 contribui\u021bi la cre\u0219terea competen\u021belor altora, v\u0103 invit\u0103m s\u0103 v\u0103 \u00eenscrie\u021bi la cursul nostru de&hellip;<\/div><\/div><div class=\"w-post-elm post_taxonomy usg_post_taxonomy_2 style_simple color_link_inherit\"><a href=\"https:\/\/ascendo2001.ro\/en\/cursuri\/formator\/\">Disponibil \u0219i online<\/a> \u2022 <a href=\"https:\/\/ascendo2001.ro\/en\/cursuri\/formator\/\">\u00cencepe \u00een cur\u00e2nd<\/a> \u2022 <a href=\"https:\/\/ascendo2001.ro\/en\/cursuri\/formator\/\">Prima didactic\u0103<\/a><\/div><\/div>\t\t<\/div>\r\n\t<\/article>\r\n\t<article class=\"w-grid-item post-1249 us_portfolio type-us_portfolio status-publish has-post-thumbnail hentry us_portfolio_category-tehnic us_portfolio_tag-online us_portfolio_tag-incepe-in-curand\" data-id=\"1249\">\r\n\t\t<div class=\"w-grid-item-h\">\r\n\t\t\t\t\t\t<div class=\"w-vwrapper usg_vwrapper_1 align_none valign_top\"><div class=\"w-post-elm post_image usg_post_image_1 has_ratio\"><div style=\"padding-bottom:56.2500%\"><\/div><a href=\"https:\/\/ascendo2001.ro\/en\/cursuri\/competene-digitale-de-utilizare-a-tehnologiei-informatiei-ca-instrument-de-invatare-si-cunoastere\/\" aria-label=\"Competene Digitale de Utilizare a Tehnologiei Informa\u021biei ca Instrument de \u00cenva\u021bare \u0219i Cunoastere\"><img width=\"1024\" height=\"683\" src=\"https:\/\/ascendo2001.ro\/wp-content\/uploads\/2023\/09\/Compente-digitale-de-utilizare-a-tehnologiei-1024x683.jpg\" class=\"attachment-large size-large wp-post-image\" alt=\"Compente digitale de utilizare a tehnologiei\" decoding=\"async\" loading=\"lazy\" srcset=\"https:\/\/ascendo2001.ro\/wp-content\/uploads\/2023\/09\/Compente-digitale-de-utilizare-a-tehnologiei-1024x683.jpg 1024w, https:\/\/ascendo2001.ro\/wp-content\/uploads\/2023\/09\/Compente-digitale-de-utilizare-a-tehnologiei-300x200.jpg 300w, https:\/\/ascendo2001.ro\/wp-content\/uploads\/2023\/09\/Compente-digitale-de-utilizare-a-tehnologiei-75x50.jpg 75w\" sizes=\"(max-width: 1024px) 100vw, 1024px\" \/><\/a><\/div><div class=\"w-vwrapper usg_vwrapper_2 align_none valign_top\"><h5 class=\"w-post-elm post_title usg_post_title_1 entry-title color_link_inherit has_text_color\"><a href=\"https:\/\/ascendo2001.ro\/en\/cursuri\/competene-digitale-de-utilizare-a-tehnologiei-informatiei-ca-instrument-de-invatare-si-cunoastere\/\">Competene Digitale de Utilizare a Tehnologiei Informa\u021biei ca Instrument de \u00cenva\u021bare \u0219i Cunoastere<\/a><\/h5><div class=\"w-post-elm post_content usg_post_content_1\">Dac\u0103 dori\u021bi s\u0103 v\u0103 preg\u0103ti\u021bi pentru viitor \u0219i s\u0103 deveni\u021bi proficient \u00een utilizarea tehnologiei informa\u021biei \u00een scopuri de \u00eenv\u0103\u021bare \u0219i dezvoltare personal\u0103, v\u0103 \u00eencuraj\u0103m s\u0103 v\u0103 \u00eenscrie\u021bi la cursul nostru&hellip;<\/div><\/div><div class=\"w-post-elm post_taxonomy usg_post_taxonomy_2 style_simple color_link_inherit\"><a href=\"https:\/\/ascendo2001.ro\/en\/cursuri\/competene-digitale-de-utilizare-a-tehnologiei-informatiei-ca-instrument-de-invatare-si-cunoastere\/\">Disponibil \u0219i online<\/a> \u2022 <a href=\"https:\/\/ascendo2001.ro\/en\/cursuri\/competene-digitale-de-utilizare-a-tehnologiei-informatiei-ca-instrument-de-invatare-si-cunoastere\/\">\u00cencepe \u00een cur\u00e2nd<\/a><\/div><\/div>\t\t<\/div>\r\n\t<\/article>\r\n<\/div><div class=\"g-preloader type_1\">\r\n\t<div><\/div>\r\n<\/div>\r\n\t<div class=\"w-grid-json hidden\" onclick='return {&quot;action&quot;:&quot;us_ajax_grid&quot;,&quot;ajax_url&quot;:&quot;https:\\\/\\\/ascendo2001.ro\\\/wp-admin\\\/admin-ajax.php&quot;,&quot;infinite_scroll&quot;:0,&quot;max_num_pages&quot;:1,&quot;pagination&quot;:&quot;none&quot;,&quot;permalink_url&quot;:&quot;https:\\\/\\\/ascendo2001.ro\\\/en\\\/wp-json\\\/wp\\\/v2\\\/pages\\\/657&quot;,&quot;template_vars&quot;:{&quot;columns&quot;:&quot;4&quot;,&quot;exclude_items&quot;:&quot;none&quot;,&quot;img_size&quot;:&quot;default&quot;,&quot;ignore_items_size&quot;:false,&quot;items_layout&quot;:&quot;1426&quot;,&quot;items_offset&quot;:&quot;1&quot;,&quot;load_animation&quot;:&quot;none&quot;,&quot;overriding_link&quot;:&quot;none&quot;,&quot;post_id&quot;:930,&quot;query_args&quot;:{&quot;post_type&quot;:[&quot;us_portfolio&quot;],&quot;tax_query&quot;:[{&quot;taxonomy&quot;:&quot;us_portfolio_tag&quot;,&quot;field&quot;:&quot;slug&quot;,&quot;terms&quot;:[&quot;online&quot;]}],&quot;post_status&quot;:[&quot;publish&quot;],&quot;posts_per_page&quot;:&quot;10&quot;},&quot;orderby_query_args&quot;:{&quot;orderby&quot;:{&quot;date&quot;:&quot;DESC&quot;}},&quot;type&quot;:&quot;carousel&quot;,&quot;us_grid_ajax_index&quot;:5,&quot;us_grid_filter_params&quot;:null,&quot;us_grid_index&quot;:5,&quot;_us_grid_post_type&quot;:&quot;us_portfolio&quot;},&quot;carousel_settings&quot;:{&quot;autoHeight&quot;:0,&quot;autoplay&quot;:1,&quot;carousel_fade&quot;:0,&quot;center&quot;:0,&quot;dots&quot;:1,&quot;items&quot;:&quot;4&quot;,&quot;loop&quot;:false,&quot;nav&quot;:0,&quot;slideby&quot;:&quot;1&quot;,&quot;smooth_play&quot;:0,&quot;speed&quot;:150,&quot;timeout&quot;:8000,&quot;transition&quot;:&quot;&quot;},&quot;carousel_breakpoints&quot;:{&quot;1200&quot;:{&quot;items&quot;:4},&quot;900&quot;:{&quot;autoHeight&quot;:0,&quot;autoplay&quot;:1,&quot;autoplayHoverPause&quot;:1,&quot;items&quot;:3,&quot;loop&quot;:false},&quot;600&quot;:{&quot;autoHeight&quot;:0,&quot;autoplay&quot;:1,&quot;autoplayHoverPause&quot;:1,&quot;items&quot;:2,&quot;loop&quot;:false},&quot;0&quot;:{&quot;autoHeight&quot;:0,&quot;autoplay&quot;:1,&quot;autoplayHoverPause&quot;:1,&quot;items&quot;:1,&quot;loop&quot;:true}}}'><\/div>\r\n\t<\/div><\/div><\/div><\/div><\/div><\/section>\n<\/div><\/div><\/div><\/div><\/section><section class=\"l-section wpb_row us_custom_03cf7d9a  hide_on_mobiles height_small\"><div class=\"l-section-h i-cf\"><div class=\"g-cols via_grid cols_1 laptops-cols_inherit tablets-cols_inherit mobiles-cols_1 valign_top type_default\"><div class=\"wpb_column vc_column_container us_custom_9c8713ca\"><div class=\"vc_column-inner\"><section class=\"l-section wpb_row us_custom_9c8713ca height_small\"><div class=\"l-section-h i-cf\"><div class=\"g-cols via_grid cols_3-1 laptops-cols_inherit tablets-cols_inherit mobiles-cols_1 valign_top type_default\"><div class=\"wpb_column vc_column_container\"><div class=\"vc_column-inner\"><h4 class=\"w-text us_custom_d702bfd7 yellow-underline-4px\"><span class=\"w-text-h\"><span class=\"w-text-value\">MISIUNEA NOASTR\u0102<\/span><\/span><\/h4><div class=\"w-separator size_small\"><\/div><h3 class=\"w-text\"><span class=\"w-text-h\"><span class=\"w-text-value\">Ai carte, ai parte!<\/span><\/span><\/h3><div class=\"wpb_text_column us_custom_dc4c4c11\"><div class=\"wpb_wrapper\"><p>Ascendo ofer\u0103 peste 50 de cursuri \u0219i certific\u0103ri de\u00a0 formare profesional\u0103 . Misiunea noastr\u0103 este de a ajuta oamenii s\u0103-\u0219i dezvolte abilit\u0103\u021bile \u0219i cuno\u0219tin\u021bele pentru a-\u0219i atinge obiectivele profesionale.<\/p>\n<p>Credem c\u0103 educa\u021bia este cheia succesului \u00een carier\u0103. Prin cursurile noastre, oferim studen\u021bilor oportunitatea de a \u00eenv\u0103\u021ba de la exper\u021bi \u2028\u00een domeniu \u0219i de a ob\u021bine certific\u0103ri recunoscute la nivel interna\u021bional.<\/p>\n<p>Oferim cursuri pentru toate nivelurile de experien\u021b\u0103, de la \u00eencep\u0103tori \u2028la profesioni\u0219ti cu experien\u021b\u0103. Cursurile noastre sunt disponibile at\u00e2t online, c\u00e2t \u0219i \u00een format tradi\u021bional.<\/p>\n<\/div><\/div><\/div><\/div><div class=\"wpb_column vc_column_container\"><div class=\"vc_column-inner\"><\/div><\/div><\/div><\/div><\/section><section class=\"l-section wpb_row us_custom_9c8713ca  hide_on_default hide_on_laptops hide_on_tablets hide_on_mobiles height_small\"><div class=\"l-section-h i-cf\"><div class=\"g-cols via_grid cols_4 laptops-cols_inherit tablets-cols_inherit mobiles-cols_1 valign_top type_default\"><div class=\"wpb_column vc_column_container\"><div class=\"vc_column-inner\"><div class=\"w-counter us_custom_9c8713ca color_custom align_center\" data-duration=\"2000\"><div class=\"w-counter-value\" style=\"color:var(--color-alt-content-secondary);\"><span class=\"w-counter-value-part type_text\" data-final=\"\"><\/span><span class=\"w-counter-value-part type_number\" data-final=\"1500\">1<\/span><span class=\"w-counter-value-part type_text\" data-final=\"+\"><\/span><\/div><h5 class=\"w-counter-title\">CURSURI FINALIZATE<\/h5><\/div><\/div><\/div><div class=\"wpb_column vc_column_container\"><div class=\"vc_column-inner\"><div class=\"w-counter color_custom align_center\" data-duration=\"2000\"><div class=\"w-counter-value\" style=\"color:var(--color-alt-content-secondary);\"><span class=\"w-counter-value-part type_text\" data-final=\"\"><\/span><span class=\"w-counter-value-part type_number\" data-final=\"99\">1<\/span><span class=\"w-counter-value-part type_text\" data-final=\"\"><\/span><\/div><h5 class=\"w-counter-title\">Projects completed<\/h5><\/div><\/div><\/div><div class=\"wpb_column vc_column_container\"><div class=\"vc_column-inner\"><div class=\"w-counter color_custom align_center\" data-duration=\"2000\"><div class=\"w-counter-value\" style=\"color:var(--color-alt-content-secondary);\"><span class=\"w-counter-value-part type_text\" data-final=\"\"><\/span><span class=\"w-counter-value-part type_number\" data-final=\"99\">1<\/span><span class=\"w-counter-value-part type_text\" data-final=\"\"><\/span><\/div><h5 class=\"w-counter-title\">Projects completed<\/h5><\/div><\/div><\/div><div class=\"wpb_column vc_column_container\"><div class=\"vc_column-inner\"><\/div><\/div><\/div><\/div><\/section>\n<\/div><\/div><\/div><\/div><\/section><section class=\"l-section wpb_row us_custom_9c931b5e  hide_on_default hide_on_laptops hide_on_tablets height_small\"><div class=\"l-section-h i-cf\"><div class=\"g-cols via_grid cols_1 laptops-cols_inherit tablets-cols_inherit mobiles-cols_1 valign_top type_default\"><div class=\"wpb_column vc_column_container us_custom_9c8713ca\"><div class=\"vc_column-inner\"><section class=\"l-section wpb_row us_custom_9c8713ca height_small\"><div class=\"l-section-h i-cf\"><div class=\"g-cols via_grid cols_3-1 laptops-cols_inherit tablets-cols_inherit mobiles-cols_1 valign_top type_default\"><div class=\"wpb_column vc_column_container\"><div class=\"vc_column-inner\"><h4 class=\"w-text us_custom_d702bfd7 yellow-underline-4px\"><span class=\"w-text-h\"><span class=\"w-text-value\">MISIUNEA NOASTR\u0102<\/span><\/span><\/h4><div class=\"w-separator size_small\"><\/div><h3 class=\"w-text\"><span class=\"w-text-h\"><span class=\"w-text-value\">Ai carte, ai parte!<\/span><\/span><\/h3><div class=\"wpb_text_column us_custom_dc4c4c11\"><div class=\"wpb_wrapper\"><p>Ascendo ofer\u0103 peste 50 de cursuri \u0219i certific\u0103ri de\u00a0 formare profesional\u0103 . Misiunea noastr\u0103 este de a ajuta oamenii s\u0103-\u0219i dezvolte abilit\u0103\u021bile \u0219i cuno\u0219tin\u021bele pentru a-\u0219i atinge obiectivele profesionale.<\/p>\n<p>Credem c\u0103 educa\u021bia este cheia succesului \u00een carier\u0103. Prin cursurile noastre, oferim studen\u021bilor oportunitatea de a \u00eenv\u0103\u021ba de la exper\u021bi \u2028\u00een domeniu \u0219i de a ob\u021bine certific\u0103ri recunoscute la nivel interna\u021bional.<\/p>\n<p>Oferim cursuri pentru toate nivelurile de experien\u021b\u0103, de la \u00eencep\u0103tori \u2028la profesioni\u0219ti cu experien\u021b\u0103. Cursurile noastre sunt disponibile at\u00e2t online, c\u00e2t \u0219i \u00een format tradi\u021bional.<\/p>\n<\/div><\/div><\/div><\/div><div class=\"wpb_column vc_column_container\"><div class=\"vc_column-inner\"><\/div><\/div><\/div><\/div><\/section><section class=\"l-section wpb_row us_custom_9c8713ca  hide_on_default hide_on_laptops hide_on_tablets hide_on_mobiles height_small\"><div class=\"l-section-h i-cf\"><div class=\"g-cols via_grid cols_4 laptops-cols_inherit tablets-cols_inherit mobiles-cols_1 valign_top type_default\"><div class=\"wpb_column vc_column_container\"><div class=\"vc_column-inner\"><div class=\"w-counter us_custom_9c8713ca color_custom align_center\" data-duration=\"2000\"><div class=\"w-counter-value\" style=\"color:var(--color-alt-content-secondary);\"><span class=\"w-counter-value-part type_text\" data-final=\"\"><\/span><span class=\"w-counter-value-part type_number\" data-final=\"1500\">1<\/span><span class=\"w-counter-value-part type_text\" data-final=\"+\"><\/span><\/div><h5 class=\"w-counter-title\">CURSURI FINALIZATE<\/h5><\/div><\/div><\/div><div class=\"wpb_column vc_column_container\"><div class=\"vc_column-inner\"><div class=\"w-counter color_custom align_center\" data-duration=\"2000\"><div class=\"w-counter-value\" style=\"color:var(--color-alt-content-secondary);\"><span class=\"w-counter-value-part type_text\" data-final=\"\"><\/span><span class=\"w-counter-value-part type_number\" data-final=\"99\">1<\/span><span class=\"w-counter-value-part type_text\" data-final=\"\"><\/span><\/div><h5 class=\"w-counter-title\">Projects completed<\/h5><\/div><\/div><\/div><div class=\"wpb_column vc_column_container\"><div class=\"vc_column-inner\"><div class=\"w-counter color_custom align_center\" data-duration=\"2000\"><div class=\"w-counter-value\" style=\"color:var(--color-alt-content-secondary);\"><span class=\"w-counter-value-part type_text\" data-final=\"\"><\/span><span class=\"w-counter-value-part type_number\" data-final=\"99\">1<\/span><span class=\"w-counter-value-part type_text\" data-final=\"\"><\/span><\/div><h5 class=\"w-counter-title\">Projects completed<\/h5><\/div><\/div><\/div><div class=\"wpb_column vc_column_container\"><div class=\"vc_column-inner\"><\/div><\/div><\/div><\/div><\/section>\n<\/div><\/div><\/div><\/div><\/section><section class=\"l-section wpb_row us_custom_c70c97eb height_small\"><div class=\"l-section-h i-cf\"><div class=\"g-cols via_grid cols_1 laptops-cols_inherit tablets-cols_inherit mobiles-cols_1 valign_top type_default\"><div class=\"wpb_column vc_column_container\"><div class=\"vc_column-inner\"><section class=\"l-section wpb_row us_custom_b471abab height_small\"><div class=\"l-section-h i-cf\"><div class=\"g-cols via_grid cols_1 laptops-cols_inherit tablets-cols_inherit mobiles-cols_1 valign_top type_default\"><div class=\"wpb_column vc_column_container\"><div class=\"vc_column-inner\"><h4 class=\"w-text orange-underline-4px\"><span class=\"w-text-h\"><span class=\"w-text-value\">PROIECTELE NOASTRE PRINCIPALE<\/span><\/span><\/h4><div class=\"w-separator size_medium\"><\/div><div class=\"w-grid us_custom_5ba2430d type_carousel layout_890 cols_3\" id=\"us_grid_6\"><style>#us_grid_6 .w-grid-item{padding:1.125rem}#us_grid_6 .w-grid-list{margin:-1.125rem}.w-grid + #us_grid_6 .w-grid-list{margin-top:1.125rem}.layout_890 .w-grid-item-h{}.layout_890 .usg_vwrapper_1{transition-duration:0.3s;transform-origin:50% 50%;transform:scale(1) translate(0%,0%)}.layout_890 .w-grid-item-h:hover .usg_vwrapper_1{transform:scale(1) translate(0%,0%);opacity:1;border-color:var(--color-header-middle-text-hover)!important}.layout_890 .usg_post_content_1{font-size:0.9rem!important;line-height:1.7!important;margin-top:0.8rem!important}.layout_890 .usg_vwrapper_1{height:100%!important;border-radius:6px!important;padding:2rem!important;background:var(--color-content-bg)!important;border:1px solid var(--color-alt-content-secondary)!important}<\/style><div class=\"w-grid-list owl-carousel navstyle_circle navpos_outside with_dots\">\t<article class=\"w-grid-item post-867 post type-post status-publish format-standard hentry category-proiecte-proprii\" data-id=\"867\">\r\n\t\t<div class=\"w-grid-item-h\">\r\n\t\t\t\t\t\t\t<a class=\"w-grid-item-anchor\" href=\"https:\/\/ascendo2001.ro\/en\/imbunatatirea-competentelor-si-ocuparii-pentru-someri-si-persoane-inactive\/\" rel=\"bookmark\" aria-label=\"\u00cembun\u0103t\u0103\u021birea competen\u021belor \u0219i ocup\u0103rii pentru \u0219omeri \u0219i persoane inactive\"><\/a>\r\n\t\t\t\t\t\t<div class=\"w-vwrapper usg_vwrapper_1 cursor-pointer align_none valign_top\" style=\"--vwrapper-gap:1rem\"><h5 class=\"w-post-elm post_title usg_post_title_1 entry-title color_link_inherit\"><a href=\"https:\/\/ascendo2001.ro\/en\/imbunatatirea-competentelor-si-ocuparii-pentru-someri-si-persoane-inactive\/\">\u00cembun\u0103t\u0103\u021birea competen\u021belor \u0219i ocup\u0103rii pentru \u0219omeri \u0219i persoane inactive<\/a><\/h5><div class=\"w-post-elm post_content usg_post_content_1\"><p>POCU\/1080\/3\/16\/157667<\/p>\n<\/div><\/div>\t\t<\/div>\r\n\t<\/article>\r\n\t<article class=\"w-grid-item post-1919 post type-post status-publish format-standard hentry category-proiecte-proprii\" data-id=\"1919\">\r\n\t\t<div class=\"w-grid-item-h\">\r\n\t\t\t\t\t\t\t<a class=\"w-grid-item-anchor\" href=\"https:\/\/ascendo2001.ro\/en\/proiecte-in-implementare-2021-2027\/\" rel=\"bookmark\" aria-label=\"Proiecte in implementare 2021 &#8211; 2027\"><\/a>\r\n\t\t\t\t\t\t<div class=\"w-vwrapper usg_vwrapper_1 cursor-pointer align_none valign_top\" style=\"--vwrapper-gap:1rem\"><h5 class=\"w-post-elm post_title usg_post_title_1 entry-title color_link_inherit\"><a href=\"https:\/\/ascendo2001.ro\/en\/proiecte-in-implementare-2021-2027\/\">Proiecte in implementare 2021 &#8211; 2027<\/a><\/h5><div class=\"w-post-elm post_content usg_post_content_1\"><p>Proiect co-finan\u0163at din Programul Opera\u0163ional Capital Uman 2014-2020 &#8211; ID: 153075<\/p>\n<\/div><\/div>\t\t<\/div>\r\n\t<\/article>\r\n\t<article class=\"w-grid-item post-881 post type-post status-publish format-standard hentry category-proiecte-proprii\" data-id=\"881\">\r\n\t\t<div class=\"w-grid-item-h\">\r\n\t\t\t\t\t\t\t<a class=\"w-grid-item-anchor\" href=\"https:\/\/ascendo2001.ro\/en\/vreau-primul-job-id-153075-proiect-co-finantat-din-programul-operational-capital-uman-2014-2020\/\" rel=\"bookmark\" aria-label=\"VREAU PRIMUL JOB! \u2013 Proiect co-finan\u0163at din Programul Opera\u0163ional Capital Uman 2014-2020 (ID: 153075),\"><\/a>\r\n\t\t\t\t\t\t<div class=\"w-vwrapper usg_vwrapper_1 cursor-pointer align_none valign_top\" style=\"--vwrapper-gap:1rem\"><h5 class=\"w-post-elm post_title usg_post_title_1 entry-title color_link_inherit\"><a href=\"https:\/\/ascendo2001.ro\/en\/vreau-primul-job-id-153075-proiect-co-finantat-din-programul-operational-capital-uman-2014-2020\/\">VREAU PRIMUL JOB! \u2013 Proiect co-finan\u0163at din Programul Opera\u0163ional Capital Uman 2014-2020 (ID: 153075),<\/a><\/h5><div class=\"w-post-elm post_content usg_post_content_1\"><p>Proiect co-finan\u0163at din Programul Opera\u0163ional Capital Uman 2014-2020 &#8211; ID: 153075<\/p>\n<\/div><\/div>\t\t<\/div>\r\n\t<\/article>\r\n<\/div><div class=\"g-preloader type_1\">\r\n\t<div><\/div>\r\n<\/div>\r\n\t<div class=\"w-grid-json hidden\" onclick='return {&quot;action&quot;:&quot;us_ajax_grid&quot;,&quot;ajax_url&quot;:&quot;https:\\\/\\\/ascendo2001.ro\\\/wp-admin\\\/admin-ajax.php&quot;,&quot;infinite_scroll&quot;:0,&quot;max_num_pages&quot;:1,&quot;pagination&quot;:&quot;none&quot;,&quot;permalink_url&quot;:&quot;https:\\\/\\\/ascendo2001.ro\\\/en\\\/wp-json\\\/wp\\\/v2\\\/pages\\\/657&quot;,&quot;template_vars&quot;:{&quot;columns&quot;:&quot;3&quot;,&quot;exclude_items&quot;:&quot;none&quot;,&quot;img_size&quot;:&quot;default&quot;,&quot;ignore_items_size&quot;:false,&quot;items_layout&quot;:&quot;890&quot;,&quot;items_offset&quot;:&quot;1&quot;,&quot;load_animation&quot;:&quot;none&quot;,&quot;overriding_link&quot;:&quot;post&quot;,&quot;post_id&quot;:886,&quot;query_args&quot;:{&quot;post_type&quot;:[&quot;post&quot;],&quot;tax_query&quot;:[{&quot;taxonomy&quot;:&quot;category&quot;,&quot;field&quot;:&quot;slug&quot;,&quot;terms&quot;:[&quot;proiecte-proprii&quot;]}],&quot;post_status&quot;:[&quot;publish&quot;],&quot;posts_per_page&quot;:&quot;10&quot;},&quot;orderby_query_args&quot;:{&quot;orderby&quot;:&quot;RAND(362742645)&quot;},&quot;type&quot;:&quot;carousel&quot;,&quot;us_grid_ajax_index&quot;:6,&quot;us_grid_filter_params&quot;:null,&quot;us_grid_index&quot;:6,&quot;_us_grid_post_type&quot;:&quot;post&quot;},&quot;carousel_settings&quot;:{&quot;autoHeight&quot;:0,&quot;autoplay&quot;:0,&quot;carousel_fade&quot;:0,&quot;center&quot;:0,&quot;dots&quot;:1,&quot;items&quot;:&quot;3&quot;,&quot;loop&quot;:false,&quot;nav&quot;:0,&quot;slideby&quot;:&quot;1&quot;,&quot;smooth_play&quot;:0,&quot;speed&quot;:250,&quot;timeout&quot;:3000,&quot;transition&quot;:&quot;&quot;},&quot;carousel_breakpoints&quot;:{&quot;1200&quot;:{&quot;items&quot;:3},&quot;900&quot;:{&quot;autoHeight&quot;:0,&quot;autoplay&quot;:1,&quot;autoplayHoverPause&quot;:1,&quot;items&quot;:3,&quot;loop&quot;:false},&quot;600&quot;:{&quot;autoHeight&quot;:0,&quot;autoplay&quot;:1,&quot;autoplayHoverPause&quot;:1,&quot;items&quot;:2,&quot;loop&quot;:false},&quot;0&quot;:{&quot;autoHeight&quot;:0,&quot;autoplay&quot;:1,&quot;autoplayHoverPause&quot;:1,&quot;items&quot;:1,&quot;loop&quot;:true}}}'><\/div>\r\n\t<\/div><\/div><\/div><\/div><\/div><\/section>\n<\/div><\/div><\/div><\/div><\/section><section class=\"l-section wpb_row height_small\"><div class=\"l-section-h i-cf\"><div class=\"g-cols via_grid cols_1 laptops-cols_inherit tablets-cols_inherit mobiles-cols_1 valign_top type_default\"><div class=\"wpb_column vc_column_container\"><div class=\"vc_column-inner\"><section class=\"l-section wpb_row us_custom_ec997007  hide_on_mobiles height_small\" id=\"contact-front-page\"><div class=\"l-section-h i-cf\"><div class=\"g-cols via_grid cols_2 laptops-cols_inherit tablets-cols_inherit mobiles-cols_1 valign_top type_default\"><div class=\"wpb_column vc_column_container\"><div class=\"vc_column-inner\"><h2 class=\"w-text us_custom_d19fe318 teal-underline-4px\"><span class=\"w-text-h\"><span class=\"w-text-value\">TRIMITE-NE UN MESAJ<\/span><\/span><\/h2><form class=\"w-form  us_custom_64b4c93b layout_ver for_cform us_form_1\" autocomplete=\"off\" action=\"https:\/\/ascendo2001.ro\/en\/wp-json\/wp\/v2\/pages\/657\" method=\"post\" style=\"--fields-gap:1.4rem\" id=\"contact-form-style\" data-trp-original-action=\"https:\/\/ascendo2001.ro\/en\/wp-json\/wp\/v2\/pages\/657\"><div class=\"w-form-h\"><div class=\"w-form-row for_text required\">\r\n\t\t<div class=\"w-form-row-field\">\r\n\t\t\t\t\t\t<input aria-label=\"Nume\" type=\"text\" name=\"us_form_1_text_1\" value placeholder=\"Nume *\" data-required=\"true\" aria-required=\"true\"\/>\r\n\t\t\t<\/div>\r\n\t\t<div class=\"w-form-row-state\">Fill out this field<\/div>\r\n<\/div>\r\n<div class=\"w-form-row for_text required\">\r\n\t\t<div class=\"w-form-row-field\">\r\n\t\t\t\t\t\t<input aria-label=\"Nr de telefon\" inputmode=\"numeric\" type=\"text\" name=\"us_form_1_text_2\" value placeholder=\"Nr de telefon *\" data-required=\"true\" aria-required=\"true\"\/>\r\n\t\t\t<\/div>\r\n\t\t<div class=\"w-form-row-state\">Fill out this field<\/div>\r\n<\/div>\r\n<div class=\"w-form-row for_email required\">\r\n\t\t<div class=\"w-form-row-field\">\r\n\t\t\t\t\t\t<input aria-label=\"Email\" type=\"email\" name=\"us_form_1_email_1\" value placeholder=\"Email *\" data-required=\"true\" aria-required=\"true\"\/>\r\n\t\t\t<\/div>\r\n\t\t<div class=\"w-form-row-state\">Please enter a valid email address.<\/div>\r\n<\/div>\r\n<div class=\"w-form-row for_textarea required\">\r\n\t\t<div class=\"w-form-row-field\">\r\n\t\t\t\t\t\t<textarea aria-label=\"Mesaj\" name=\"us_form_1_textarea_1\" placeholder=\"Mesaj *\" data-required=\"true\" aria-required=\"true\"><\/textarea>\r\n\t\t\t<\/div>\r\n\t\t<div class=\"w-form-row-state\">Fill out this field<\/div>\r\n<\/div>\r\n<input type=\"hidden\" name=\"action\" value=\"us_ajax_cform\" \/>\r\n<input type=\"hidden\" name=\"post_id\" value=\"665\" \/>\r\n<input type=\"hidden\" name=\"form_index\" value=\"1\" \/>\r\n<div class=\"w-form-row for_submit align_none\">\r\n\t<div class=\"w-form-row-field\">\r\n\t\t<button class=\"w-btn  us-btn-style_5\" aria-label=\"Submit\" type=\"submit\">\r\n\t\t\t<span class=\"g-preloader type_1\"><\/span>\r\n\t\t\t\t\t\t<span class=\"w-btn-label\">Submit<\/span>\r\n\t\t\t\t\t<\/button>\r\n\t<\/div>\r\n<\/div>\r\n<\/div><div class=\"w-form-message\"><\/div><div class=\"w-form-json hidden\" onclick='return {&quot;ajaxurl&quot;:&quot;https:\\\/\\\/ascendo2001.ro\\\/wp-admin\\\/admin-ajax.php&quot;}'><\/div><input type=\"hidden\" name=\"trp-form-language\" value=\"en\"\/><\/form><\/div><\/div><div class=\"wpb_column vc_column_container  hide_on_mobiles\"><div class=\"vc_column-inner\"><\/div><\/div><\/div><\/div><\/section><section class=\"l-section wpb_row us_custom_68e05f24  hide_on_default hide_on_laptops hide_on_tablets height_small\" id=\"contact-front-page\"><div class=\"l-section-h i-cf\"><div class=\"g-cols via_grid cols_2 laptops-cols_inherit tablets-cols_inherit mobiles-cols_1 valign_top type_default\"><div class=\"wpb_column vc_column_container\"><div class=\"vc_column-inner\"><h4 class=\"w-text us_custom_92b2762d teal-underline-4px\"><span class=\"w-text-h\"><span class=\"w-text-value\">TRIMITE-NE UN MESAJ<\/span><\/span><\/h4><form class=\"w-form  us_custom_64b4c93b layout_ver for_cform us_form_2\" autocomplete=\"off\" action=\"https:\/\/ascendo2001.ro\/en\/wp-json\/wp\/v2\/pages\/657\" method=\"post\" style=\"--fields-gap:1.4rem\" id=\"contact-form-style\" data-trp-original-action=\"https:\/\/ascendo2001.ro\/en\/wp-json\/wp\/v2\/pages\/657\"><div class=\"w-form-h\"><div class=\"w-form-row for_text required\">\r\n\t\t<div class=\"w-form-row-field\">\r\n\t\t\t\t\t\t<input aria-label=\"Nume\" type=\"text\" name=\"us_form_2_text_1\" value placeholder=\"Nume *\" data-required=\"true\" aria-required=\"true\"\/>\r\n\t\t\t<\/div>\r\n\t\t<div class=\"w-form-row-state\">Fill out this field<\/div>\r\n<\/div>\r\n<div class=\"w-form-row for_text required\">\r\n\t\t<div class=\"w-form-row-field\">\r\n\t\t\t\t\t\t<input aria-label=\"Nr de telefon\" inputmode=\"numeric\" type=\"text\" name=\"us_form_2_text_2\" value placeholder=\"Nr de telefon *\" data-required=\"true\" aria-required=\"true\"\/>\r\n\t\t\t<\/div>\r\n\t\t<div class=\"w-form-row-state\">Fill out this field<\/div>\r\n<\/div>\r\n<div class=\"w-form-row for_email required\">\r\n\t\t<div class=\"w-form-row-field\">\r\n\t\t\t\t\t\t<input aria-label=\"Email\" type=\"email\" name=\"us_form_2_email_1\" value placeholder=\"Email *\" data-required=\"true\" aria-required=\"true\"\/>\r\n\t\t\t<\/div>\r\n\t\t<div class=\"w-form-row-state\">Please enter a valid email address.<\/div>\r\n<\/div>\r\n<div class=\"w-form-row for_textarea required\">\r\n\t\t<div class=\"w-form-row-field\">\r\n\t\t\t\t\t\t<textarea aria-label=\"Mesaj\" name=\"us_form_2_textarea_1\" placeholder=\"Mesaj *\" data-required=\"true\" aria-required=\"true\"><\/textarea>\r\n\t\t\t<\/div>\r\n\t\t<div class=\"w-form-row-state\">Fill out this field<\/div>\r\n<\/div>\r\n<input type=\"hidden\" name=\"action\" value=\"us_ajax_cform\" \/>\r\n<input type=\"hidden\" name=\"post_id\" value=\"665\" \/>\r\n<input type=\"hidden\" name=\"form_index\" value=\"2\" \/>\r\n<div class=\"w-form-row for_submit align_none\">\r\n\t<div class=\"w-form-row-field\">\r\n\t\t<button class=\"w-btn  us-btn-style_5\" aria-label=\"Submit\" type=\"submit\">\r\n\t\t\t<span class=\"g-preloader type_1\"><\/span>\r\n\t\t\t\t\t\t<span class=\"w-btn-label\">Submit<\/span>\r\n\t\t\t\t\t<\/button>\r\n\t<\/div>\r\n<\/div>\r\n<\/div><div class=\"w-form-message\"><\/div><div class=\"w-form-json hidden\" onclick='return {&quot;ajaxurl&quot;:&quot;https:\\\/\\\/ascendo2001.ro\\\/wp-admin\\\/admin-ajax.php&quot;}'><\/div><input type=\"hidden\" name=\"trp-form-language\" value=\"en\"\/><\/form><\/div><\/div><div class=\"wpb_column vc_column_container  hide_on_mobiles\"><div class=\"vc_column-inner\"><\/div><\/div><\/div><\/div><\/section>\n<\/div><\/div><\/div><\/div><\/section><section class=\"l-section wpb_row height_small\"><div class=\"l-section-h i-cf\"><div class=\"g-cols via_grid cols_1 laptops-cols_inherit tablets-cols_inherit mobiles-cols_1 valign_top type_default\"><div class=\"wpb_column vc_column_container\"><div class=\"vc_column-inner\"><\/div><\/div><\/div><\/div><\/section>","protected":false},"excerpt":{"rendered":"VREAU PRIMUL JOB!\u201d \u2013 (ID: 153075), Proiect co-finan\u0163at din Programul Opera\u0163ional Capital Uman 2014-2020 Comunicat de pres\u0103 Anun\u021b concurs: VREAU PRIMUL JOB ID-153075 Descriere proiect &#8211; VREAU PRIMUL JOB Metodologie final\u0103 &#8211; 14 noiembrie 2022 REZULTATE \u00een urma evalu\u0103rii dosarelor depuse \u00een Concursul de Planuri de Afaceri proiect &#8222;VREAU PRIMUL JOB&#8221; Corrigendum 1 la Metodologie...","protected":false},"author":1,"featured_media":0,"parent":0,"menu_order":0,"comment_status":"closed","ping_status":"closed","template":"","meta":{"slim_seo":{"title":"VREAU PRIMUL JOB! \u2013 Proiect co-finan\u0163at din Programul Opera\u0163ional Capital Uman 2014-2020 (ID: 153075), - ASCENDO","description":"Proiect co-finan\u0163at din Programul Opera\u0163ional Capital Uman 2014-2020 - ID: 153075"}},"_links":{"self":[{"href":"https:\/\/ascendo2001.ro\/en\/wp-json\/wp\/v2\/pages\/657"}],"collection":[{"href":"https:\/\/ascendo2001.ro\/en\/wp-json\/wp\/v2\/pages"}],"about":[{"href":"https:\/\/ascendo2001.ro\/en\/wp-json\/wp\/v2\/types\/page"}],"author":[{"embeddable":true,"href":"https:\/\/ascendo2001.ro\/en\/wp-json\/wp\/v2\/users\/1"}],"replies":[{"embeddable":true,"href":"https:\/\/ascendo2001.ro\/en\/wp-json\/wp\/v2\/comments?post=657"}],"version-history":[{"count":120,"href":"https:\/\/ascendo2001.ro\/en\/wp-json\/wp\/v2\/pages\/657\/revisions"}],"predecessor-version":[{"id":1868,"href":"https:\/\/ascendo2001.ro\/en\/wp-json\/wp\/v2\/pages\/657\/revisions\/1868"}],"wp:attachment":[{"href":"https:\/\/ascendo2001.ro\/en\/wp-json\/wp\/v2\/media?parent=657"}],"curies":[{"name":"wp","href":"https:\/\/api.w.org\/{rel}","templated":true}]}}